{"id":333,"date":"2017-04-04T12:15:41","date_gmt":"2017-04-04T10:15:41","guid":{"rendered":"https:\/\/www.parcfloraldelasource.com\/?page_id=333"},"modified":"2024-11-14T14:13:52","modified_gmt":"2024-11-14T13:13:52","slug":"presentation-du-parc","status":"publish","type":"page","link":"https:\/\/www.parcfloraldelasource.com\/presentation\/presentation-du-parc\/","title":{"rendered":"Pr\u00e9sentation du parc"},"content":{"rendered":"<h2>Le Parc Floral de La Source, Orl\u00e9ans-Loiret (45)<\/h2>\n<p><strong>Labellis\u00e9 comme Jardin Remarquable, le Parc Floral de La Source (45) dispose de 35 hectares d\u00e9di\u00e9s \u00e0 la nature, aux plantes et aux animaux. Ouvert aux passionn\u00e9s de jardins et aux promeneurs, le Parc Floral de La Source, Orl\u00e9ans-Loiret est un lieu de d\u00e9tente \u00e0 d\u00e9couvrir au gr\u00e9 des saisons.<\/strong><\/p>\n<p>Le <strong>Parc Floral de La Source (45) <\/strong>est \u00e0 la fois un site touristique contribuant au rayonnement de notre territoire et un espace vert de proximit\u00e9\u00a0: c\u2019est le site le plus fr\u00e9quent\u00e9 du d\u00e9partement.<\/p>\n<p>Situ\u00e9 \u00e0 la lisi\u00e8re entre le coteau de Sologne et la plaine du Val de Loire, il est compos\u00e9 d\u2019espaces o\u00f9 se m\u00ealent les mondes v\u00e9g\u00e9tal, min\u00e9ral et animal&nbsp;: jardin d\u2019iris, roseraie, serre aux papillons&#8230; sont autant de lieux qui se renouvellent tout au long de l\u2019ann\u00e9e.<\/p>\n<p>A d\u00e9couvrir en famille ou avec des amis, <strong>le Parc Floral de La Source (45) <\/strong>programme chaque ann\u00e9e des animations pour le grand public\u00a0: Salon des Arts du jardin, conf\u00e9rences, spectacles nocturnes. Il organise des ateliers destin\u00e9s aux enfants pour leur apprendre \u00e0 observer, comprendre et respecter la nature. Il met aussi \u00e0 la disposition des entreprises ses espaces naturels.<\/p>\n<p>Lieu de contemplation et de d\u00e9couverte, <strong>le Parc Floral de La Source (45) est aussi un espace <\/strong>de pr\u00e9servation et d\u2019exp\u00e9rimentations qui s\u2019appuie sur son histoire et se renouvelle pour pr\u00e9server la biodiversit\u00e9 et l\u2019environnement.<\/p>\n<p>Ludique, botanique, didactique, esth\u00e9tique\u2026 <strong>le Parc Floral de La Source (45) est un v\u00e9ritable <\/strong>havre de paix o\u00f9 il fait bon de passer quelques heures ou toute la journ\u00e9e\u00a0!<\/p>\n<p>&nbsp;<\/p>","protected":false},"excerpt":{"rendered":"<p>Le Parc Floral de La Source, Orl\u00e9ans-Loiret (45) Labellis\u00e9 comme Jardin Remarquable, le Parc Floral de La Source (45) dispose de 35 hectares d\u00e9di\u00e9s \u00e0 la nature, aux plantes et aux animaux. Ouvert aux passionn\u00e9s de jardins et aux promeneurs, le Parc Floral de La Source, Orl\u00e9ans-Loiret est un lieu de d\u00e9tente \u00e0 d\u00e9couvrir au &hellip; <\/p>","protected":false},"author":1,"featured_media":2181,"parent":420,"menu_order":0,"comment_status":"closed","ping_status":"closed","template":"","meta":{"footnotes":""},"class_list":["post-333","page","type-page","status-publish","has-post-thumbnail","hentry"],"yoast_head":"<!-- This site is optimized with the Yoast SEO plugin v27.5 - https:\/\/yoast.com\/product\/yoast-seo-wordpress\/ -->\n<title>Pr\u00e9sentation du Parc Floral - Parc Floral de La Source<\/title>\n<meta name=\"description\" content=\"D\u00e9couvrez ici une rapide pr\u00e9sentation du Parc Floral, un lieu touristique qui plaira aux amoureux de la nature, aux enfants, aux fl\u00e2neurs, ...\" \/>\n<meta name=\"robots\" content=\"index, follow, max-snippet:-1, max-image-preview:large, max-video-preview:-1\" \/>\n<link rel=\"canonical\" href=\"https:\/\/www.parcfloraldelasource.com\/presentation\/presentation-du-parc\/\" \/>\n<meta property=\"og:locale\" content=\"fr_FR\" \/>\n<meta property=\"og:type\" content=\"article\" \/>\n<meta property=\"og:title\" content=\"Pr\u00e9sentation du Parc Floral - Parc Floral de La Source\" \/>\n<meta property=\"og:description\" content=\"D\u00e9couvrez ici une rapide pr\u00e9sentation du Parc Floral, un lieu touristique qui plaira aux amoureux de la nature, aux enfants, aux fl\u00e2neurs, ...\" \/>\n<meta property=\"og:url\" content=\"https:\/\/www.parcfloraldelasource.com\/presentation\/presentation-du-parc\/\" \/>\n<meta property=\"og:site_name\" content=\"Parc Floral de La Source\" \/>\n<meta property=\"article:publisher\" content=\"https:\/\/www.facebook.com\/parcfloral.orleansloiret\" \/>\n<meta property=\"article:modified_time\" content=\"2024-11-14T13:13:52+00:00\" \/>\n<meta property=\"og:image\" content=\"https:\/\/www.parcfloraldelasource.com\/file\/2019\/07\/36946958_2289211804429175_5529102676509327360_n.jpg\" \/>\n\t<meta property=\"og:image:width\" content=\"960\" \/>\n\t<meta property=\"og:image:height\" content=\"720\" \/>\n\t<meta property=\"og:image:type\" content=\"image\/jpeg\" \/>\n<meta name=\"twitter:card\" content=\"summary_large_image\" \/>\n<meta name=\"twitter:label1\" content=\"Dur\u00e9e de lecture estim\u00e9e\" \/>\n\t<meta name=\"twitter:data1\" content=\"1 minute\" \/>\n<script type=\"application\/ld+json\" class=\"yoast-schema-graph\">{\"@context\":\"https:\\\/\\\/schema.org\",\"@graph\":[{\"@type\":\"WebPage\",\"@id\":\"https:\\\/\\\/www.parcfloraldelasource.com\\\/presentation\\\/presentation-du-parc\\\/\",\"url\":\"https:\\\/\\\/www.parcfloraldelasource.com\\\/presentation\\\/presentation-du-parc\\\/\",\"name\":\"Pr\u00e9sentation du Parc Floral - Parc Floral de La Source\",\"isPartOf\":{\"@id\":\"https:\\\/\\\/www.parcfloraldelasource.com\\\/#website\"},\"primaryImageOfPage\":{\"@id\":\"https:\\\/\\\/www.parcfloraldelasource.com\\\/presentation\\\/presentation-du-parc\\\/#primaryimage\"},\"image\":{\"@id\":\"https:\\\/\\\/www.parcfloraldelasource.com\\\/presentation\\\/presentation-du-parc\\\/#primaryimage\"},\"thumbnailUrl\":\"https:\\\/\\\/www.parcfloraldelasource.com\\\/inc\\\/uploads\\\/2019\\\/07\\\/36946958_2289211804429175_5529102676509327360_n.jpg\",\"datePublished\":\"2017-04-04T10:15:41+00:00\",\"dateModified\":\"2024-11-14T13:13:52+00:00\",\"description\":\"D\u00e9couvrez ici une rapide pr\u00e9sentation du Parc Floral, un lieu touristique qui plaira aux amoureux de la nature, aux enfants, aux fl\u00e2neurs, ...\",\"breadcrumb\":{\"@id\":\"https:\\\/\\\/www.parcfloraldelasource.com\\\/presentation\\\/presentation-du-parc\\\/#breadcrumb\"},\"inLanguage\":\"fr-FR\",\"potentialAction\":[{\"@type\":\"ReadAction\",\"target\":[\"https:\\\/\\\/www.parcfloraldelasource.com\\\/presentation\\\/presentation-du-parc\\\/\"]}]},{\"@type\":\"ImageObject\",\"inLanguage\":\"fr-FR\",\"@id\":\"https:\\\/\\\/www.parcfloraldelasource.com\\\/presentation\\\/presentation-du-parc\\\/#primaryimage\",\"url\":\"https:\\\/\\\/www.parcfloraldelasource.com\\\/inc\\\/uploads\\\/2019\\\/07\\\/36946958_2289211804429175_5529102676509327360_n.jpg\",\"contentUrl\":\"https:\\\/\\\/www.parcfloraldelasource.com\\\/inc\\\/uploads\\\/2019\\\/07\\\/36946958_2289211804429175_5529102676509327360_n.jpg\",\"width\":960,\"height\":720},{\"@type\":\"BreadcrumbList\",\"@id\":\"https:\\\/\\\/www.parcfloraldelasource.com\\\/presentation\\\/presentation-du-parc\\\/#breadcrumb\",\"itemListElement\":[{\"@type\":\"ListItem\",\"position\":1,\"name\":\"Accueil\",\"item\":\"https:\\\/\\\/www.parcfloraldelasource.com\\\/\"},{\"@type\":\"ListItem\",\"position\":2,\"name\":\"Pr\u00e9sentation\",\"item\":\"https:\\\/\\\/www.parcfloraldelasource.com\\\/presentation\\\/\"},{\"@type\":\"ListItem\",\"position\":3,\"name\":\"Pr\u00e9sentation du parc\"}]},{\"@type\":\"WebSite\",\"@id\":\"https:\\\/\\\/www.parcfloraldelasource.com\\\/#website\",\"url\":\"https:\\\/\\\/www.parcfloraldelasource.com\\\/\",\"name\":\"Parc Floral de La Source\",\"description\":\"Orl\u00e9ans\",\"potentialAction\":[{\"@type\":\"SearchAction\",\"target\":{\"@type\":\"EntryPoint\",\"urlTemplate\":\"https:\\\/\\\/www.parcfloraldelasource.com\\\/?s={search_term_string}\"},\"query-input\":{\"@type\":\"PropertyValueSpecification\",\"valueRequired\":true,\"valueName\":\"search_term_string\"}}],\"inLanguage\":\"fr-FR\"}]}<\/script>\n<!-- \/ Yoast SEO plugin. -->","yoast_head_json":{"title":"Pr\u00e9sentation du Parc Floral - Parc Floral de La Source","description":"D\u00e9couvrez ici une rapide pr\u00e9sentation du Parc Floral, un lieu touristique qui plaira aux amoureux de la nature, aux enfants, aux fl\u00e2neurs, ...","robots":{"index":"index","follow":"follow","max-snippet":"max-snippet:-1","max-image-preview":"max-image-preview:large","max-video-preview":"max-video-preview:-1"},"canonical":"https:\/\/www.parcfloraldelasource.com\/presentation\/presentation-du-parc\/","og_locale":"fr_FR","og_type":"article","og_title":"Pr\u00e9sentation du Parc Floral - Parc Floral de La Source","og_description":"D\u00e9couvrez ici une rapide pr\u00e9sentation du Parc Floral, un lieu touristique qui plaira aux amoureux de la nature, aux enfants, aux fl\u00e2neurs, ...","og_url":"https:\/\/www.parcfloraldelasource.com\/presentation\/presentation-du-parc\/","og_site_name":"Parc Floral de La Source","article_publisher":"https:\/\/www.facebook.com\/parcfloral.orleansloiret","article_modified_time":"2024-11-14T13:13:52+00:00","og_image":[{"width":960,"height":720,"url":"https:\/\/www.parcfloraldelasource.com\/file\/2019\/07\/36946958_2289211804429175_5529102676509327360_n.jpg","type":"image\/jpeg"}],"twitter_card":"summary_large_image","twitter_misc":{"Dur\u00e9e de lecture estim\u00e9e":"1 minute"},"schema":{"@context":"https:\/\/schema.org","@graph":[{"@type":"WebPage","@id":"https:\/\/www.parcfloraldelasource.com\/presentation\/presentation-du-parc\/","url":"https:\/\/www.parcfloraldelasource.com\/presentation\/presentation-du-parc\/","name":"Pr\u00e9sentation du Parc Floral - Parc Floral de La Source","isPartOf":{"@id":"https:\/\/www.parcfloraldelasource.com\/#website"},"primaryImageOfPage":{"@id":"https:\/\/www.parcfloraldelasource.com\/presentation\/presentation-du-parc\/#primaryimage"},"image":{"@id":"https:\/\/www.parcfloraldelasource.com\/presentation\/presentation-du-parc\/#primaryimage"},"thumbnailUrl":"https:\/\/www.parcfloraldelasource.com\/file\/2019\/07\/36946958_2289211804429175_5529102676509327360_n.jpg","datePublished":"2017-04-04T10:15:41+00:00","dateModified":"2024-11-14T13:13:52+00:00","description":"D\u00e9couvrez ici une rapide pr\u00e9sentation du Parc Floral, un lieu touristique qui plaira aux amoureux de la nature, aux enfants, aux fl\u00e2neurs, ...","breadcrumb":{"@id":"https:\/\/www.parcfloraldelasource.com\/presentation\/presentation-du-parc\/#breadcrumb"},"inLanguage":"fr-FR","potentialAction":[{"@type":"ReadAction","target":["https:\/\/www.parcfloraldelasource.com\/presentation\/presentation-du-parc\/"]}]},{"@type":"ImageObject","inLanguage":"fr-FR","@id":"https:\/\/www.parcfloraldelasource.com\/presentation\/presentation-du-parc\/#primaryimage","url":"https:\/\/www.parcfloraldelasource.com\/file\/2019\/07\/36946958_2289211804429175_5529102676509327360_n.jpg","contentUrl":"https:\/\/www.parcfloraldelasource.com\/file\/2019\/07\/36946958_2289211804429175_5529102676509327360_n.jpg","width":960,"height":720},{"@type":"BreadcrumbList","@id":"https:\/\/www.parcfloraldelasource.com\/presentation\/presentation-du-parc\/#breadcrumb","itemListElement":[{"@type":"ListItem","position":1,"name":"Accueil","item":"https:\/\/www.parcfloraldelasource.com\/"},{"@type":"ListItem","position":2,"name":"Pr\u00e9sentation","item":"https:\/\/www.parcfloraldelasource.com\/presentation\/"},{"@type":"ListItem","position":3,"name":"Pr\u00e9sentation du parc"}]},{"@type":"WebSite","@id":"https:\/\/www.parcfloraldelasource.com\/#website","url":"https:\/\/www.parcfloraldelasource.com\/","name":"Parc Floral de La Source","description":"Orl\u00e9ans","potentialAction":[{"@type":"SearchAction","target":{"@type":"EntryPoint","urlTemplate":"https:\/\/www.parcfloraldelasource.com\/?s={search_term_string}"},"query-input":{"@type":"PropertyValueSpecification","valueRequired":true,"valueName":"search_term_string"}}],"inLanguage":"fr-FR"}]}},"_links":{"self":[{"href":"https:\/\/www.parcfloraldelasource.com\/rest\/wp\/v2\/pages\/333","targetHints":{"allow":["GET"]}}],"collection":[{"href":"https:\/\/www.parcfloraldelasource.com\/rest\/wp\/v2\/pages"}],"about":[{"href":"https:\/\/www.parcfloraldelasource.com\/rest\/wp\/v2\/types\/page"}],"author":[{"embeddable":true,"href":"https:\/\/www.parcfloraldelasource.com\/rest\/wp\/v2\/users\/1"}],"replies":[{"embeddable":true,"href":"https:\/\/www.parcfloraldelasource.com\/rest\/wp\/v2\/comments?post=333"}],"version-history":[{"count":5,"href":"https:\/\/www.parcfloraldelasource.com\/rest\/wp\/v2\/pages\/333\/revisions"}],"predecessor-version":[{"id":4594,"href":"https:\/\/www.parcfloraldelasource.com\/rest\/wp\/v2\/pages\/333\/revisions\/4594"}],"up":[{"embeddable":true,"href":"https:\/\/www.parcfloraldelasource.com\/rest\/wp\/v2\/pages\/420"}],"wp:featuredmedia":[{"embeddable":true,"href":"https:\/\/www.parcfloraldelasource.com\/rest\/wp\/v2\/media\/2181"}],"wp:attachment":[{"href":"https:\/\/www.parcfloraldelasource.com\/rest\/wp\/v2\/media?parent=333"}],"curies":[{"name":"wp","href":"https:\/\/api.w.org\/{rel}","templated":true}]}}