{"id":360,"date":"2017-04-04T15:37:54","date_gmt":"2017-04-04T13:37:54","guid":{"rendered":"https:\/\/www.parcfloraldelasource.com\/?page_id=360"},"modified":"2025-09-23T17:20:39","modified_gmt":"2025-09-23T15:20:39","slug":"salon-des-arts-de-jardin","status":"publish","type":"page","link":"https:\/\/www.parcfloraldelasource.com\/espace-pro\/salon-des-arts-de-jardin\/","title":{"rendered":"Salon des Arts du Jardin"},"content":{"rendered":"<p><img loading=\"lazy\" decoding=\"async\" class=\"wp-image-3897 size-large aligncenter\" src=\"https:\/\/www.parcfloraldelasource.com\/file\/2021\/12\/Horaire-tarifs-2021-9-e1638795834150-1024x647.png\" alt=\"\" width=\"660\" height=\"417\" srcset=\"https:\/\/www.parcfloraldelasource.com\/file\/2021\/12\/Horaire-tarifs-2021-9-e1638795834150.png 1024w, https:\/\/www.parcfloraldelasource.com\/file\/2021\/12\/Horaire-tarifs-2021-9-e1638795834150-300x190.png 300w, https:\/\/www.parcfloraldelasource.com\/file\/2021\/12\/Horaire-tarifs-2021-9-e1638795834150-768x485.png 768w\" sizes=\"auto, (max-width: 660px) 100vw, 660px\" \/><\/p>\n<p style=\"text-align: center;\">Chaque ann\u00e9e, le Salon des Arts du Jardin annonce le retour des beaux jours au<\/p>\n<p style=\"text-align: center;\">Parc Floral de La Source et met le jardin \u00e0 l\u2019honneur.<\/p>\n<p style=\"text-align: center;\"><img loading=\"lazy\" decoding=\"async\" class=\"aligncenter wp-image-4565 size-large\" src=\"https:\/\/www.parcfloraldelasource.com\/file\/2024\/10\/Bannieres-mails-Copie1-1024x312.jpg\" alt=\"\" width=\"660\" height=\"201\" srcset=\"https:\/\/www.parcfloraldelasource.com\/file\/2024\/10\/Bannieres-mails-Copie1-1024x312.jpg 1024w, https:\/\/www.parcfloraldelasource.com\/file\/2024\/10\/Bannieres-mails-Copie1-300x91.jpg 300w, https:\/\/www.parcfloraldelasource.com\/file\/2024\/10\/Bannieres-mails-Copie1-768x234.jpg 768w, https:\/\/www.parcfloraldelasource.com\/file\/2024\/10\/Bannieres-mails-Copie1-1536x467.jpg 1536w, https:\/\/www.parcfloraldelasource.com\/file\/2024\/10\/Bannieres-mails-Copie1.jpg 1975w\" sizes=\"auto, (max-width: 660px) 100vw, 660px\" \/><\/p>\n<p style=\"text-align: center;\">Initi\u00e9 en 2011, cet \u00e9v\u00e9nement r\u00e9unit d\u00e9sormais pr\u00e8s de <strong>100 exposants<\/strong> qui font le \u00a0d\u00e9placement depuis la France enti\u00e8re.<\/p>\n<p style=\"text-align: center;\"><img loading=\"lazy\" decoding=\"async\" class=\"size-large wp-image-4496 aligncenter\" src=\"https:\/\/www.parcfloraldelasource.com\/file\/2024\/05\/Horaire-tarifs-et-titres-site-@-3-1-e1714739942497-1024x20.png\" alt=\"\" width=\"660\" height=\"13\" srcset=\"https:\/\/www.parcfloraldelasource.com\/file\/2024\/05\/Horaire-tarifs-et-titres-site-@-3-1-e1714739942497.png 1024w, https:\/\/www.parcfloraldelasource.com\/file\/2024\/05\/Horaire-tarifs-et-titres-site-@-3-1-e1714739942497-300x6.png 300w, https:\/\/www.parcfloraldelasource.com\/file\/2024\/05\/Horaire-tarifs-et-titres-site-@-3-1-e1714739942497-768x15.png 768w\" sizes=\"auto, (max-width: 660px) 100vw, 660px\" \/><\/p>\n<p style=\"text-align: center;\">Parmi les p\u00e9pini\u00e9ristes, cr\u00e9ateurs de mobilier, artistes, paysagistes, brocanteurs d\u00e9j\u00e0 pr\u00e9sents il ne manque plus que vous&nbsp;!<\/p>\n<p style=\"text-align: center;\"><img loading=\"lazy\" decoding=\"async\" class=\"size-large wp-image-4566 aligncenter\" src=\"https:\/\/www.parcfloraldelasource.com\/file\/2024\/10\/Bannieres-mails-1-Copie2-1024x293.jpg\" alt=\"\" width=\"660\" height=\"189\" srcset=\"https:\/\/www.parcfloraldelasource.com\/file\/2024\/10\/Bannieres-mails-1-Copie2-1024x293.jpg 1024w, https:\/\/www.parcfloraldelasource.com\/file\/2024\/10\/Bannieres-mails-1-Copie2-300x86.jpg 300w, https:\/\/www.parcfloraldelasource.com\/file\/2024\/10\/Bannieres-mails-1-Copie2-768x220.jpg 768w, https:\/\/www.parcfloraldelasource.com\/file\/2024\/10\/Bannieres-mails-1-Copie2-1536x439.jpg 1536w, https:\/\/www.parcfloraldelasource.com\/file\/2024\/10\/Bannieres-mails-1-Copie2.jpg 1972w\" sizes=\"auto, (max-width: 660px) 100vw, 660px\" \/><\/p>\n<h3 style=\"text-align: center;\"><img loading=\"lazy\" decoding=\"async\" class=\"size-large wp-image-4496 aligncenter\" src=\"https:\/\/www.parcfloraldelasource.com\/file\/2024\/05\/Horaire-tarifs-et-titres-site-@-3-1-e1714739942497-1024x20.png\" alt=\"\" width=\"660\" height=\"13\" srcset=\"https:\/\/www.parcfloraldelasource.com\/file\/2024\/05\/Horaire-tarifs-et-titres-site-@-3-1-e1714739942497.png 1024w, https:\/\/www.parcfloraldelasource.com\/file\/2024\/05\/Horaire-tarifs-et-titres-site-@-3-1-e1714739942497-300x6.png 300w, https:\/\/www.parcfloraldelasource.com\/file\/2024\/05\/Horaire-tarifs-et-titres-site-@-3-1-e1714739942497-768x15.png 768w\" sizes=\"auto, (max-width: 660px) 100vw, 660px\" \/><\/h3>\n<h3 style=\"text-align: center;\">DETAILS<\/h3>\n<div style=\"text-align: center;\">Chaque ann\u00e9e en avril, une f\u00eate des plantes et du jardin d\u00e9di\u00e9e \u00e0 l\u2019art de vivre au grand air est organis\u00e9e au Parc Floral de La Source.<\/div>\n<div style=\"text-align: center;\"><\/div>\n<div style=\"text-align: center;\">Le Salon des Arts du Jardin a pour vocation de rassembler en un lieu une centaine d&rsquo;exposants sur plusieurs th\u00e9matiques&nbsp;:<\/div>\n<div style=\"text-align: center;\"><\/div>\n<div style=\"text-align: center;\">\n<ul>\n<li><strong>Monde v\u00e9g\u00e9tal<\/strong> : p\u00e9pini\u00e9ristes, horticulteurs, grainetiers&#8230;<\/li>\n<li><strong>Am\u00e9nagement ext\u00e9rieur<\/strong> : paysagistes, cr\u00e9ateur jardins \u00e9ph\u00e9m\u00e8res&#8230;<\/li>\n<li><strong>Mat\u00e9riels<\/strong> : taillandiers, vente motoculture, bricolage, outillage, vetements&#8230;<\/li>\n<li><strong>Objets du jardin<\/strong> : cr\u00e9ateurs de mobilier, brocanteurs, c\u00e9ramistes, d\u00e9corations jardins&#8230;<\/li>\n<li><strong>Arts<\/strong> : artistes, \u00e9crivains de jardins, peintres, conf\u00e9renciers nature, photographes&#8230;<\/li>\n<li><strong>Associations<\/strong> : groupements d\u2019amateurs, centres de formation, jardins ouverts \u00e0 la visite, conservatoires botaniques&#8230;<\/li>\n<\/ul>\n<\/div>\n<div style=\"text-align: center;\">Outre la vente de plantes et d\u2019objets pour le jardin, plusieurs animations \u00e9maillent\u00a0ce week-end printanier.<\/div>\n<div style=\"text-align: center;\"><\/div>\n<div style=\"text-align: center;\"><img loading=\"lazy\" decoding=\"async\" class=\"size-large wp-image-4496 aligncenter\" src=\"https:\/\/www.parcfloraldelasource.com\/file\/2024\/05\/Horaire-tarifs-et-titres-site-@-3-1-e1714739942497-1024x20.png\" alt=\"\" width=\"660\" height=\"13\" srcset=\"https:\/\/www.parcfloraldelasource.com\/file\/2024\/05\/Horaire-tarifs-et-titres-site-@-3-1-e1714739942497.png 1024w, https:\/\/www.parcfloraldelasource.com\/file\/2024\/05\/Horaire-tarifs-et-titres-site-@-3-1-e1714739942497-300x6.png 300w, https:\/\/www.parcfloraldelasource.com\/file\/2024\/05\/Horaire-tarifs-et-titres-site-@-3-1-e1714739942497-768x15.png 768w\" sizes=\"auto, (max-width: 660px) 100vw, 660px\" \/><\/div>\n<div style=\"text-align: center;\"><\/div>\n<h3 style=\"text-align: center;\">EXPOSITION-VENTE DE V\u00c9G\u00c9TAUX, D&rsquo;OBJETS ET D&rsquo;OEUVRES D&rsquo;ARTS POUR LE JARDIN<\/h3>\n<div style=\"text-align: center;\"><\/div>\n<div style=\"text-align: center;\">\n<p>Le Salon des Arts du Jardin du Parc Floral de La Source, est ouvert \u00e0 tous les exposants dont l\u2019activit\u00e9 pr\u00e9sente un lien direct avec les plantes, la nature, le jardinage ou encore l\u2019am\u00e9nagement, la d\u00e9coration et l\u2019entretien du jardin.<\/p>\n<div><\/div>\n<div>Une<b>\u00a0vaste palette de v\u00e9g\u00e9taux\u00a0<\/b>(plants et semences, arbres et arbustes, plantes aromatiques et potag\u00e8res, annuelles, rosiers et vivaces, etc.) devra pouvoir \u00eatre propos\u00e9e aux visiteurs ainsi que du\u00a0<b>mobilier<\/b>\u00a0et des\u00a0<b>accessoires de jardin<\/b>, des\u00a0<b>outils<\/b>, des\u00a0<b>\u0153uvres d\u2019art<\/b>\u00a0et des objets de\u00a0<b>d\u00e9coration pour l\u2019ext\u00e9rieur<\/b>.<\/div>\n<\/div>\n<div style=\"text-align: center;\"><\/div>\n<div><img loading=\"lazy\" decoding=\"async\" class=\"size-large wp-image-4496 aligncenter\" src=\"https:\/\/www.parcfloraldelasource.com\/file\/2024\/05\/Horaire-tarifs-et-titres-site-@-3-1-e1714739942497-1024x20.png\" alt=\"\" width=\"660\" height=\"13\" srcset=\"https:\/\/www.parcfloraldelasource.com\/file\/2024\/05\/Horaire-tarifs-et-titres-site-@-3-1-e1714739942497.png 1024w, https:\/\/www.parcfloraldelasource.com\/file\/2024\/05\/Horaire-tarifs-et-titres-site-@-3-1-e1714739942497-300x6.png 300w, https:\/\/www.parcfloraldelasource.com\/file\/2024\/05\/Horaire-tarifs-et-titres-site-@-3-1-e1714739942497-768x15.png 768w\" sizes=\"auto, (max-width: 660px) 100vw, 660px\" \/><\/div>\n<div style=\"text-align: center;\"><\/div>\n<div style=\"text-align: center;\">\n<div>\n<p><b>En outre, les exposants qui le souhaitent pourront proposer animations ou conf\u00e9rences ou encore disposer d\u2019un espace pour l\u2019am\u00e9nagement d\u2019un jardin \u00e9ph\u00e9m\u00e8re, vitrine de leur savoir-faire et de leurs produits.<\/b><\/p>\n<\/div>\n<\/div>\n<div style=\"text-align: center;\"><\/div>\n<hr \/>\n<h3 style=\"text-align: center;\">VOUS SOUHAITEZ NOUS REJOINDRE POUR LA PROCHAINE \u00c9DITION&nbsp;?<\/h3>\n<h3 style=\"text-align: center;\"><img loading=\"lazy\" decoding=\"async\" class=\"size-large wp-image-4567 aligncenter\" src=\"https:\/\/www.parcfloraldelasource.com\/file\/2024\/10\/Bannieres-mails-2-Copie3-1024x312.jpg\" alt=\"\" width=\"660\" height=\"201\" srcset=\"https:\/\/www.parcfloraldelasource.com\/file\/2024\/10\/Bannieres-mails-2-Copie3-1024x312.jpg 1024w, https:\/\/www.parcfloraldelasource.com\/file\/2024\/10\/Bannieres-mails-2-Copie3-300x91.jpg 300w, https:\/\/www.parcfloraldelasource.com\/file\/2024\/10\/Bannieres-mails-2-Copie3-768x234.jpg 768w, https:\/\/www.parcfloraldelasource.com\/file\/2024\/10\/Bannieres-mails-2-Copie3-1536x468.jpg 1536w, https:\/\/www.parcfloraldelasource.com\/file\/2024\/10\/Bannieres-mails-2-Copie3.jpg 1974w\" sizes=\"auto, (max-width: 660px) 100vw, 660px\" \/><\/h3>\n<p style=\"text-align: center;\">Recevant \u00e0 chaque nouvelle \u00e9dition les encouragements chaleureux du public, nous poursuivons l\u2019aventure et esp\u00e9rons que vous serez \u00e0 nos c\u00f4t\u00e9s pour l\u2019\u00e9dition 2026 qui marquera le 14\u00e8me anniversaire de ce salon qui conna\u00eet depuis sa premi\u00e8re \u00e9dition, un succ\u00e8s croissant.<\/p>\n<p style=\"text-align: center;\">C\u2019est donc tout naturellement que nous vous convions \u00e0 nous rejoindre pour le 14\u00e8me Salon des Arts du Jardin qui se d\u00e9roulera<\/p>\n<h3 style=\"text-align: center;\"><strong>les 25 &amp; 26 avril 2026<\/strong><\/h3>\n<p style=\"text-align: center;\">au Parc Floral de La Source, \u00e0 Orl\u00e9ans<\/p>\n<p><img loading=\"lazy\" decoding=\"async\" class=\"alignleft size-large wp-image-4496\" src=\"https:\/\/www.parcfloraldelasource.com\/file\/2024\/05\/Horaire-tarifs-et-titres-site-@-3-1-e1714739942497-1024x20.png\" alt=\"\" width=\"660\" height=\"13\" srcset=\"https:\/\/www.parcfloraldelasource.com\/file\/2024\/05\/Horaire-tarifs-et-titres-site-@-3-1-e1714739942497.png 1024w, https:\/\/www.parcfloraldelasource.com\/file\/2024\/05\/Horaire-tarifs-et-titres-site-@-3-1-e1714739942497-300x6.png 300w, https:\/\/www.parcfloraldelasource.com\/file\/2024\/05\/Horaire-tarifs-et-titres-site-@-3-1-e1714739942497-768x15.png 768w\" sizes=\"auto, (max-width: 660px) 100vw, 660px\" \/><\/p>\n<p style=\"text-align: center;\"><a href=\"https:\/\/forms.gle\/DC1fQucTcAAm7pXw8\" target=\"_blank\" rel=\"noopener\"><span style=\"text-decoration: underline; color: #ff0000;\"><strong>Candidatez d\u00e8s maintenant<\/strong><\/span><\/a><\/p>\n<p style=\"text-align: center;\"><span style=\"color: #ff0000;\"><strong>Fin des candidatures&nbsp;: 30\/11\/2025<\/strong><\/span><\/p>\n<p style=\"text-align: center;\">Dans l\u2019attente de vous accueillir pour ce week-end jardinesque, l\u2019\u00e9quipe du Parc Floral de La Source se tient\u00a0 \u00e0 votre disposition.<\/p>\n<p style=\"text-align: center;\">Merci de consulter le <a href=\"https:\/\/www.parcfloraldelasource.com\/file\/2024\/12\/REGLEMENT-DU-SALON-DES-ARTS-DU-JARDIN-2025.pdf\" target=\"_blank\" rel=\"noopener\">R\u00e8glement de la manifestation<\/a><\/p>\n<hr \/>\n<h3 style=\"text-align: center;\"><\/h3>","protected":false},"excerpt":{"rendered":"<p>Chaque ann\u00e9e, le Salon des Arts du Jardin annonce le retour des beaux jours au Parc Floral de La Source et met le jardin \u00e0 l\u2019honneur. Initi\u00e9 en 2011, cet \u00e9v\u00e9nement r\u00e9unit d\u00e9sormais pr\u00e8s de 100 exposants qui font le \u00a0d\u00e9placement depuis la France enti\u00e8re. Parmi les p\u00e9pini\u00e9ristes, cr\u00e9ateurs de mobilier, artistes, paysagistes, brocanteurs d\u00e9j\u00e0 &hellip; <\/p>","protected":false},"author":1,"featured_media":0,"parent":39,"menu_order":0,"comment_status":"closed","ping_status":"closed","template":"","meta":{"footnotes":""},"class_list":["post-360","page","type-page","status-publish","hentry"],"yoast_head":"<!-- This site is optimized with the Yoast SEO plugin v27.4 - https:\/\/yoast.com\/product\/yoast-seo-wordpress\/ -->\n<title>Salon des Arts du Jardin - Parc Floral de La Source<\/title>\n<meta name=\"description\" content=\"Un incontournable pour tout les artistes du plein air. Exposants, venez vous inscrire pour contribuer \u00e0 la r\u00e9ussite du Salon des Arts de Jardin !\" \/>\n<meta name=\"robots\" content=\"index, follow, max-snippet:-1, max-image-preview:large, max-video-preview:-1\" \/>\n<link rel=\"canonical\" href=\"https:\/\/www.parcfloraldelasource.com\/espace-pro\/salon-des-arts-de-jardin\/\" \/>\n<meta property=\"og:locale\" content=\"fr_FR\" \/>\n<meta property=\"og:type\" content=\"article\" \/>\n<meta property=\"og:title\" content=\"Salon des Arts du Jardin - Parc Floral de La Source\" \/>\n<meta property=\"og:description\" content=\"Un incontournable pour tout les artistes du plein air. Exposants, venez vous inscrire pour contribuer \u00e0 la r\u00e9ussite du Salon des Arts de Jardin !\" \/>\n<meta property=\"og:url\" content=\"https:\/\/www.parcfloraldelasource.com\/espace-pro\/salon-des-arts-de-jardin\/\" \/>\n<meta property=\"og:site_name\" content=\"Parc Floral de La Source\" \/>\n<meta property=\"article:publisher\" content=\"https:\/\/www.facebook.com\/parcfloral.orleansloiret\" \/>\n<meta property=\"article:modified_time\" content=\"2025-09-23T15:20:39+00:00\" \/>\n<meta property=\"og:image\" content=\"https:\/\/www.parcfloraldelasource.com\/file\/2021\/12\/Horaire-tarifs-2021-9-e1638795834150.png\" \/>\n\t<meta property=\"og:image:width\" content=\"1024\" \/>\n\t<meta property=\"og:image:height\" content=\"647\" \/>\n\t<meta property=\"og:image:type\" content=\"image\/png\" \/>\n<meta name=\"twitter:card\" content=\"summary_large_image\" \/>\n<meta name=\"twitter:label1\" content=\"Dur\u00e9e de lecture estim\u00e9e\" \/>\n\t<meta name=\"twitter:data1\" content=\"2 minutes\" \/>\n<script type=\"application\/ld+json\" class=\"yoast-schema-graph\">{\"@context\":\"https:\\\/\\\/schema.org\",\"@graph\":[{\"@type\":\"WebPage\",\"@id\":\"https:\\\/\\\/www.parcfloraldelasource.com\\\/espace-pro\\\/salon-des-arts-de-jardin\\\/\",\"url\":\"https:\\\/\\\/www.parcfloraldelasource.com\\\/espace-pro\\\/salon-des-arts-de-jardin\\\/\",\"name\":\"Salon des Arts du Jardin - Parc Floral de La Source\",\"isPartOf\":{\"@id\":\"https:\\\/\\\/www.parcfloraldelasource.com\\\/#website\"},\"primaryImageOfPage\":{\"@id\":\"https:\\\/\\\/www.parcfloraldelasource.com\\\/espace-pro\\\/salon-des-arts-de-jardin\\\/#primaryimage\"},\"image\":{\"@id\":\"https:\\\/\\\/www.parcfloraldelasource.com\\\/espace-pro\\\/salon-des-arts-de-jardin\\\/#primaryimage\"},\"thumbnailUrl\":\"https:\\\/\\\/www.parcfloraldelasource.com\\\/inc\\\/uploads\\\/2021\\\/12\\\/Horaire-tarifs-2021-9-e1638795834150-1024x647.png\",\"datePublished\":\"2017-04-04T13:37:54+00:00\",\"dateModified\":\"2025-09-23T15:20:39+00:00\",\"description\":\"Un incontournable pour tout les artistes du plein air. Exposants, venez vous inscrire pour contribuer \u00e0 la r\u00e9ussite du Salon des Arts de Jardin !\",\"breadcrumb\":{\"@id\":\"https:\\\/\\\/www.parcfloraldelasource.com\\\/espace-pro\\\/salon-des-arts-de-jardin\\\/#breadcrumb\"},\"inLanguage\":\"fr-FR\",\"potentialAction\":[{\"@type\":\"ReadAction\",\"target\":[\"https:\\\/\\\/www.parcfloraldelasource.com\\\/espace-pro\\\/salon-des-arts-de-jardin\\\/\"]}]},{\"@type\":\"ImageObject\",\"inLanguage\":\"fr-FR\",\"@id\":\"https:\\\/\\\/www.parcfloraldelasource.com\\\/espace-pro\\\/salon-des-arts-de-jardin\\\/#primaryimage\",\"url\":\"https:\\\/\\\/www.parcfloraldelasource.com\\\/inc\\\/uploads\\\/2021\\\/12\\\/Horaire-tarifs-2021-9-e1638795834150.png\",\"contentUrl\":\"https:\\\/\\\/www.parcfloraldelasource.com\\\/inc\\\/uploads\\\/2021\\\/12\\\/Horaire-tarifs-2021-9-e1638795834150.png\",\"width\":1024,\"height\":647},{\"@type\":\"BreadcrumbList\",\"@id\":\"https:\\\/\\\/www.parcfloraldelasource.com\\\/espace-pro\\\/salon-des-arts-de-jardin\\\/#breadcrumb\",\"itemListElement\":[{\"@type\":\"ListItem\",\"position\":1,\"name\":\"Accueil\",\"item\":\"https:\\\/\\\/www.parcfloraldelasource.com\\\/\"},{\"@type\":\"ListItem\",\"position\":2,\"name\":\"Espace pro\",\"item\":\"https:\\\/\\\/www.parcfloraldelasource.com\\\/espace-pro\\\/\"},{\"@type\":\"ListItem\",\"position\":3,\"name\":\"Salon des Arts du Jardin\"}]},{\"@type\":\"WebSite\",\"@id\":\"https:\\\/\\\/www.parcfloraldelasource.com\\\/#website\",\"url\":\"https:\\\/\\\/www.parcfloraldelasource.com\\\/\",\"name\":\"Parc Floral de La Source\",\"description\":\"Orl\u00e9ans\",\"potentialAction\":[{\"@type\":\"SearchAction\",\"target\":{\"@type\":\"EntryPoint\",\"urlTemplate\":\"https:\\\/\\\/www.parcfloraldelasource.com\\\/?s={search_term_string}\"},\"query-input\":{\"@type\":\"PropertyValueSpecification\",\"valueRequired\":true,\"valueName\":\"search_term_string\"}}],\"inLanguage\":\"fr-FR\"}]}<\/script>\n<!-- \/ Yoast SEO plugin. -->","yoast_head_json":{"title":"Salon des Arts du Jardin - Parc Floral de La Source","description":"Un incontournable pour tout les artistes du plein air. Exposants, venez vous inscrire pour contribuer \u00e0 la r\u00e9ussite du Salon des Arts de Jardin !","robots":{"index":"index","follow":"follow","max-snippet":"max-snippet:-1","max-image-preview":"max-image-preview:large","max-video-preview":"max-video-preview:-1"},"canonical":"https:\/\/www.parcfloraldelasource.com\/espace-pro\/salon-des-arts-de-jardin\/","og_locale":"fr_FR","og_type":"article","og_title":"Salon des Arts du Jardin - Parc Floral de La Source","og_description":"Un incontournable pour tout les artistes du plein air. Exposants, venez vous inscrire pour contribuer \u00e0 la r\u00e9ussite du Salon des Arts de Jardin !","og_url":"https:\/\/www.parcfloraldelasource.com\/espace-pro\/salon-des-arts-de-jardin\/","og_site_name":"Parc Floral de La Source","article_publisher":"https:\/\/www.facebook.com\/parcfloral.orleansloiret","article_modified_time":"2025-09-23T15:20:39+00:00","og_image":[{"width":1024,"height":647,"url":"https:\/\/www.parcfloraldelasource.com\/file\/2021\/12\/Horaire-tarifs-2021-9-e1638795834150.png","type":"image\/png"}],"twitter_card":"summary_large_image","twitter_misc":{"Dur\u00e9e de lecture estim\u00e9e":"2 minutes"},"schema":{"@context":"https:\/\/schema.org","@graph":[{"@type":"WebPage","@id":"https:\/\/www.parcfloraldelasource.com\/espace-pro\/salon-des-arts-de-jardin\/","url":"https:\/\/www.parcfloraldelasource.com\/espace-pro\/salon-des-arts-de-jardin\/","name":"Salon des Arts du Jardin - Parc Floral de La Source","isPartOf":{"@id":"https:\/\/www.parcfloraldelasource.com\/#website"},"primaryImageOfPage":{"@id":"https:\/\/www.parcfloraldelasource.com\/espace-pro\/salon-des-arts-de-jardin\/#primaryimage"},"image":{"@id":"https:\/\/www.parcfloraldelasource.com\/espace-pro\/salon-des-arts-de-jardin\/#primaryimage"},"thumbnailUrl":"https:\/\/www.parcfloraldelasource.com\/file\/2021\/12\/Horaire-tarifs-2021-9-e1638795834150-1024x647.png","datePublished":"2017-04-04T13:37:54+00:00","dateModified":"2025-09-23T15:20:39+00:00","description":"Un incontournable pour tout les artistes du plein air. Exposants, venez vous inscrire pour contribuer \u00e0 la r\u00e9ussite du Salon des Arts de Jardin !","breadcrumb":{"@id":"https:\/\/www.parcfloraldelasource.com\/espace-pro\/salon-des-arts-de-jardin\/#breadcrumb"},"inLanguage":"fr-FR","potentialAction":[{"@type":"ReadAction","target":["https:\/\/www.parcfloraldelasource.com\/espace-pro\/salon-des-arts-de-jardin\/"]}]},{"@type":"ImageObject","inLanguage":"fr-FR","@id":"https:\/\/www.parcfloraldelasource.com\/espace-pro\/salon-des-arts-de-jardin\/#primaryimage","url":"https:\/\/www.parcfloraldelasource.com\/file\/2021\/12\/Horaire-tarifs-2021-9-e1638795834150.png","contentUrl":"https:\/\/www.parcfloraldelasource.com\/file\/2021\/12\/Horaire-tarifs-2021-9-e1638795834150.png","width":1024,"height":647},{"@type":"BreadcrumbList","@id":"https:\/\/www.parcfloraldelasource.com\/espace-pro\/salon-des-arts-de-jardin\/#breadcrumb","itemListElement":[{"@type":"ListItem","position":1,"name":"Accueil","item":"https:\/\/www.parcfloraldelasource.com\/"},{"@type":"ListItem","position":2,"name":"Espace pro","item":"https:\/\/www.parcfloraldelasource.com\/espace-pro\/"},{"@type":"ListItem","position":3,"name":"Salon des Arts du Jardin"}]},{"@type":"WebSite","@id":"https:\/\/www.parcfloraldelasource.com\/#website","url":"https:\/\/www.parcfloraldelasource.com\/","name":"Parc Floral de La Source","description":"Orl\u00e9ans","potentialAction":[{"@type":"SearchAction","target":{"@type":"EntryPoint","urlTemplate":"https:\/\/www.parcfloraldelasource.com\/?s={search_term_string}"},"query-input":{"@type":"PropertyValueSpecification","valueRequired":true,"valueName":"search_term_string"}}],"inLanguage":"fr-FR"}]}},"_links":{"self":[{"href":"https:\/\/www.parcfloraldelasource.com\/rest\/wp\/v2\/pages\/360","targetHints":{"allow":["GET"]}}],"collection":[{"href":"https:\/\/www.parcfloraldelasource.com\/rest\/wp\/v2\/pages"}],"about":[{"href":"https:\/\/www.parcfloraldelasource.com\/rest\/wp\/v2\/types\/page"}],"author":[{"embeddable":true,"href":"https:\/\/www.parcfloraldelasource.com\/rest\/wp\/v2\/users\/1"}],"replies":[{"embeddable":true,"href":"https:\/\/www.parcfloraldelasource.com\/rest\/wp\/v2\/comments?post=360"}],"version-history":[{"count":54,"href":"https:\/\/www.parcfloraldelasource.com\/rest\/wp\/v2\/pages\/360\/revisions"}],"predecessor-version":[{"id":4842,"href":"https:\/\/www.parcfloraldelasource.com\/rest\/wp\/v2\/pages\/360\/revisions\/4842"}],"up":[{"embeddable":true,"href":"https:\/\/www.parcfloraldelasource.com\/rest\/wp\/v2\/pages\/39"}],"wp:attachment":[{"href":"https:\/\/www.parcfloraldelasource.com\/rest\/wp\/v2\/media?parent=360"}],"curies":[{"name":"wp","href":"https:\/\/api.w.org\/{rel}","templated":true}]}}