{"id":3602,"date":"2021-07-29T09:53:37","date_gmt":"2021-07-29T07:53:37","guid":{"rendered":"https:\/\/www.parcfloraldelasource.com\/?page_id=3602"},"modified":"2025-12-02T09:33:16","modified_gmt":"2025-12-02T08:33:16","slug":"celebrons-lautomne","status":"publish","type":"page","link":"https:\/\/www.parcfloraldelasource.com\/espace-pro\/celebrons-lautomne\/","title":{"rendered":"F\u00eate de l&rsquo;Automne"},"content":{"rendered":"<p><img loading=\"lazy\" decoding=\"async\" class=\"alignleft size-large wp-image-4866\" src=\"https:\/\/www.parcfloraldelasource.com\/file\/2025\/12\/FDA-noir-min-1024x248.png\" alt=\"\" width=\"660\" height=\"160\" srcset=\"https:\/\/www.parcfloraldelasource.com\/file\/2025\/12\/FDA-noir-min-1024x248.png 1024w, https:\/\/www.parcfloraldelasource.com\/file\/2025\/12\/FDA-noir-min-300x73.png 300w, https:\/\/www.parcfloraldelasource.com\/file\/2025\/12\/FDA-noir-min-768x186.png 768w, https:\/\/www.parcfloraldelasource.com\/file\/2025\/12\/FDA-noir-min-1536x372.png 1536w, https:\/\/www.parcfloraldelasource.com\/file\/2025\/12\/FDA-noir-min-2048x496.png 2048w\" sizes=\"auto, (max-width: 660px) 100vw, 660px\" \/><\/p>\n<p>&nbsp;<\/p>\n<p style=\"text-align: center;\">Chaque ann\u00e9e, le Parc Floral de La Source vous retrouve avec joie pour finir sa saison en octobre avec sa F\u00eate de l&rsquo;Automne.<\/p>\n<p><img loading=\"lazy\" decoding=\"async\" class=\"size-full wp-image-4646 aligncenter\" src=\"https:\/\/www.parcfloraldelasource.com\/file\/2025\/01\/Bannieres-mails-5-e1736773181129.jpg\" alt=\"\" width=\"2000\" height=\"550\" srcset=\"https:\/\/www.parcfloraldelasource.com\/file\/2025\/01\/Bannieres-mails-5-e1736773181129.jpg 2000w, https:\/\/www.parcfloraldelasource.com\/file\/2025\/01\/Bannieres-mails-5-e1736773181129-300x83.jpg 300w, https:\/\/www.parcfloraldelasource.com\/file\/2025\/01\/Bannieres-mails-5-e1736773181129-1024x282.jpg 1024w, https:\/\/www.parcfloraldelasource.com\/file\/2025\/01\/Bannieres-mails-5-e1736773181129-768x211.jpg 768w, https:\/\/www.parcfloraldelasource.com\/file\/2025\/01\/Bannieres-mails-5-e1736773181129-1536x422.jpg 1536w\" sizes=\"auto, (max-width: 2000px) 100vw, 2000px\" \/><\/p>\n<p style=\"text-align: center;\">Initi\u00e9e en 2018, notre F\u00eate de l\u2019Automne s&rsquo;\u00e9merveille autour de la gastronomie et vous propose des animations pour toute la famille.<\/p>\n<p><img loading=\"lazy\" decoding=\"async\" class=\"size-full wp-image-4496 aligncenter\" src=\"https:\/\/www.parcfloraldelasource.com\/file\/2024\/05\/Horaire-tarifs-et-titres-site-@-3-1-e1714739942497.png\" alt=\"\" width=\"1024\" height=\"20\" srcset=\"https:\/\/www.parcfloraldelasource.com\/file\/2024\/05\/Horaire-tarifs-et-titres-site-@-3-1-e1714739942497.png 1024w, https:\/\/www.parcfloraldelasource.com\/file\/2024\/05\/Horaire-tarifs-et-titres-site-@-3-1-e1714739942497-300x6.png 300w, https:\/\/www.parcfloraldelasource.com\/file\/2024\/05\/Horaire-tarifs-et-titres-site-@-3-1-e1714739942497-768x15.png 768w\" sizes=\"auto, (max-width: 1024px) 100vw, 1024px\" \/><\/p>\n<p style=\"text-align: center;\">L\u2019occasion de d\u00e9couvrir les producteurs qui nous entourent et de mettre en valeur leur savoir-faire. L\u2019envie de partager et de s\u2019amuser sont les leitmotivs de cet \u00e9v\u00e8nement&nbsp;!<\/p>\n<p><img loading=\"lazy\" decoding=\"async\" class=\"size-full wp-image-4649 aligncenter\" src=\"https:\/\/www.parcfloraldelasource.com\/file\/2025\/01\/Bannieres-mails-6-e1736773507865.jpg\" alt=\"\" width=\"2000\" height=\"577\" srcset=\"https:\/\/www.parcfloraldelasource.com\/file\/2025\/01\/Bannieres-mails-6-e1736773507865.jpg 2000w, https:\/\/www.parcfloraldelasource.com\/file\/2025\/01\/Bannieres-mails-6-e1736773507865-300x87.jpg 300w, https:\/\/www.parcfloraldelasource.com\/file\/2025\/01\/Bannieres-mails-6-e1736773507865-1024x295.jpg 1024w, https:\/\/www.parcfloraldelasource.com\/file\/2025\/01\/Bannieres-mails-6-e1736773507865-768x222.jpg 768w, https:\/\/www.parcfloraldelasource.com\/file\/2025\/01\/Bannieres-mails-6-e1736773507865-1536x443.jpg 1536w\" sizes=\"auto, (max-width: 2000px) 100vw, 2000px\" \/><\/p>\n<h3 style=\"text-align: center;\"><span style=\"text-decoration: underline;\"><strong>Retrouvons-nous en 2026,<\/strong><\/span><\/h3>\n<h3 style=\"text-align: center;\"><span style=\"text-decoration: underline;\"><strong>les SAMEDI 17 &amp; DIMANCHE 18 OCTOBRE<\/strong><\/span><\/h3>\n<p><img loading=\"lazy\" decoding=\"async\" class=\"size-full wp-image-4496 aligncenter\" src=\"https:\/\/www.parcfloraldelasource.com\/file\/2024\/05\/Horaire-tarifs-et-titres-site-@-3-1-e1714739942497.png\" alt=\"\" width=\"1024\" height=\"20\" srcset=\"https:\/\/www.parcfloraldelasource.com\/file\/2024\/05\/Horaire-tarifs-et-titres-site-@-3-1-e1714739942497.png 1024w, https:\/\/www.parcfloraldelasource.com\/file\/2024\/05\/Horaire-tarifs-et-titres-site-@-3-1-e1714739942497-300x6.png 300w, https:\/\/www.parcfloraldelasource.com\/file\/2024\/05\/Horaire-tarifs-et-titres-site-@-3-1-e1714739942497-768x15.png 768w\" sizes=\"auto, (max-width: 1024px) 100vw, 1024px\" \/><\/p>\n<p style=\"text-align: center;\">Apr\u00e8s le succ\u00e8s de 2025 et ses <strong>9&nbsp;500<\/strong>\u00a0<b>visiteurs<\/b>, la F\u00eate de l&rsquo;Automne revient en force&nbsp;!<\/p>\n<p><img loading=\"lazy\" decoding=\"async\" class=\"size-full wp-image-4496 aligncenter\" src=\"https:\/\/www.parcfloraldelasource.com\/file\/2024\/05\/Horaire-tarifs-et-titres-site-@-3-1-e1714739942497.png\" alt=\"\" width=\"1024\" height=\"20\" srcset=\"https:\/\/www.parcfloraldelasource.com\/file\/2024\/05\/Horaire-tarifs-et-titres-site-@-3-1-e1714739942497.png 1024w, https:\/\/www.parcfloraldelasource.com\/file\/2024\/05\/Horaire-tarifs-et-titres-site-@-3-1-e1714739942497-300x6.png 300w, https:\/\/www.parcfloraldelasource.com\/file\/2024\/05\/Horaire-tarifs-et-titres-site-@-3-1-e1714739942497-768x15.png 768w\" sizes=\"auto, (max-width: 1024px) 100vw, 1024px\" \/><\/p>\n<div style=\"text-align: center;\">Cet \u00e9v\u00e8nement est ouvert \u00e0 tous les exposants dont l\u2019activit\u00e9 pr\u00e9sente un lien direct avec la <b>GASTRONOMIE LOCALE<\/b>\u00a0(confitures, bi\u00e8res, vins, alimentation, art culinaire, food-trucks, traiteurs, etc) ou l<b>&lsquo;ARTISANAT<\/b>\u00a0<b>LOCAL\u00a0<\/b>(savons, bijoux, art, etc).<\/div>\n<div style=\"text-align: center;\"><strong>[EXCLUSIVEMENT REGION CENTRE VAL DE LOIRE]<\/strong><\/div>\n<div style=\"text-align: center;\">\n<p>&nbsp;<\/p>\n<p>En outre, le Parc Floral accueille \u00e9galement les exposants dont\u00a0<b>l&rsquo;ANIMATION<\/b>\u00a0serait le m\u00e9tier afin de proposer divertissement, conf\u00e9rences ou toute activit\u00e9 familiale ou individuelle qui ravirait nos visiteurs (poneys, land art, creusage de citrouilles, jeux, etc).<\/p>\n<p>&nbsp;<\/p>\n<\/div>\n<hr \/>\n<h2 style=\"text-align: center;\">FORMULAIRE DE CANDIDATURE<\/h2>\n<p style=\"text-align: center;\"><span style=\"text-decoration: underline;\"><span style=\"text-decoration: underline;\">Formulaire disponible d\u00e9but mai 2026<\/span><\/span><\/p>","protected":false},"excerpt":{"rendered":"<p>&nbsp; Chaque ann\u00e9e, le Parc Floral de La Source vous retrouve avec joie pour finir sa saison en octobre avec sa F\u00eate de l&rsquo;Automne. Initi\u00e9e en 2018, notre F\u00eate de l\u2019Automne s&rsquo;\u00e9merveille autour de la gastronomie et vous propose des animations pour toute la famille. L\u2019occasion de d\u00e9couvrir les producteurs qui nous entourent et de &hellip; <\/p>","protected":false},"author":2,"featured_media":0,"parent":39,"menu_order":1,"comment_status":"closed","ping_status":"closed","template":"","meta":{"footnotes":""},"class_list":["post-3602","page","type-page","status-publish","hentry"],"yoast_head":"<!-- This site is optimized with the Yoast SEO plugin v27.5 - https:\/\/yoast.com\/product\/yoast-seo-wordpress\/ -->\n<title>F\u00eate de l&#039;Automne - Parc Floral de La Source<\/title>\n<meta name=\"robots\" content=\"index, follow, max-snippet:-1, max-image-preview:large, max-video-preview:-1\" \/>\n<link rel=\"canonical\" href=\"https:\/\/www.parcfloraldelasource.com\/espace-pro\/celebrons-lautomne\/\" \/>\n<meta property=\"og:locale\" content=\"fr_FR\" \/>\n<meta property=\"og:type\" content=\"article\" \/>\n<meta property=\"og:title\" content=\"F\u00eate de l&#039;Automne - Parc Floral de La Source\" \/>\n<meta property=\"og:description\" content=\"&nbsp; Chaque ann\u00e9e, le Parc Floral de La Source vous retrouve avec joie pour finir sa saison en octobre avec sa F\u00eate de l&rsquo;Automne. Initi\u00e9e en 2018, notre F\u00eate de l\u2019Automne s&rsquo;\u00e9merveille autour de la gastronomie et vous propose des animations pour toute la famille. L\u2019occasion de d\u00e9couvrir les producteurs qui nous entourent et de &hellip;\" \/>\n<meta property=\"og:url\" content=\"https:\/\/www.parcfloraldelasource.com\/espace-pro\/celebrons-lautomne\/\" \/>\n<meta property=\"og:site_name\" content=\"Parc Floral de La Source\" \/>\n<meta property=\"article:publisher\" content=\"https:\/\/www.facebook.com\/parcfloral.orleansloiret\" \/>\n<meta property=\"article:modified_time\" content=\"2025-12-02T08:33:16+00:00\" \/>\n<meta property=\"og:image\" content=\"https:\/\/www.parcfloraldelasource.com\/file\/2025\/12\/FDA-noir-min-scaled.png\" \/>\n\t<meta property=\"og:image:width\" content=\"2560\" \/>\n\t<meta property=\"og:image:height\" content=\"620\" \/>\n\t<meta property=\"og:image:type\" content=\"image\/png\" \/>\n<meta name=\"twitter:card\" content=\"summary_large_image\" \/>\n<meta name=\"twitter:label1\" content=\"Dur\u00e9e de lecture estim\u00e9e\" \/>\n\t<meta name=\"twitter:data1\" content=\"1 minute\" \/>\n<script type=\"application\/ld+json\" class=\"yoast-schema-graph\">{\"@context\":\"https:\\\/\\\/schema.org\",\"@graph\":[{\"@type\":\"WebPage\",\"@id\":\"https:\\\/\\\/www.parcfloraldelasource.com\\\/espace-pro\\\/celebrons-lautomne\\\/\",\"url\":\"https:\\\/\\\/www.parcfloraldelasource.com\\\/espace-pro\\\/celebrons-lautomne\\\/\",\"name\":\"F\u00eate de l'Automne - Parc Floral de La Source\",\"isPartOf\":{\"@id\":\"https:\\\/\\\/www.parcfloraldelasource.com\\\/#website\"},\"primaryImageOfPage\":{\"@id\":\"https:\\\/\\\/www.parcfloraldelasource.com\\\/espace-pro\\\/celebrons-lautomne\\\/#primaryimage\"},\"image\":{\"@id\":\"https:\\\/\\\/www.parcfloraldelasource.com\\\/espace-pro\\\/celebrons-lautomne\\\/#primaryimage\"},\"thumbnailUrl\":\"https:\\\/\\\/www.parcfloraldelasource.com\\\/inc\\\/uploads\\\/2025\\\/12\\\/FDA-noir-min-1024x248.png\",\"datePublished\":\"2021-07-29T07:53:37+00:00\",\"dateModified\":\"2025-12-02T08:33:16+00:00\",\"breadcrumb\":{\"@id\":\"https:\\\/\\\/www.parcfloraldelasource.com\\\/espace-pro\\\/celebrons-lautomne\\\/#breadcrumb\"},\"inLanguage\":\"fr-FR\",\"potentialAction\":[{\"@type\":\"ReadAction\",\"target\":[\"https:\\\/\\\/www.parcfloraldelasource.com\\\/espace-pro\\\/celebrons-lautomne\\\/\"]}]},{\"@type\":\"ImageObject\",\"inLanguage\":\"fr-FR\",\"@id\":\"https:\\\/\\\/www.parcfloraldelasource.com\\\/espace-pro\\\/celebrons-lautomne\\\/#primaryimage\",\"url\":\"https:\\\/\\\/www.parcfloraldelasource.com\\\/inc\\\/uploads\\\/2025\\\/12\\\/FDA-noir-min-scaled.png\",\"contentUrl\":\"https:\\\/\\\/www.parcfloraldelasource.com\\\/inc\\\/uploads\\\/2025\\\/12\\\/FDA-noir-min-scaled.png\",\"width\":2560,\"height\":620},{\"@type\":\"BreadcrumbList\",\"@id\":\"https:\\\/\\\/www.parcfloraldelasource.com\\\/espace-pro\\\/celebrons-lautomne\\\/#breadcrumb\",\"itemListElement\":[{\"@type\":\"ListItem\",\"position\":1,\"name\":\"Accueil\",\"item\":\"https:\\\/\\\/www.parcfloraldelasource.com\\\/\"},{\"@type\":\"ListItem\",\"position\":2,\"name\":\"Espace pro\",\"item\":\"https:\\\/\\\/www.parcfloraldelasource.com\\\/espace-pro\\\/\"},{\"@type\":\"ListItem\",\"position\":3,\"name\":\"F\u00eate de l&rsquo;Automne\"}]},{\"@type\":\"WebSite\",\"@id\":\"https:\\\/\\\/www.parcfloraldelasource.com\\\/#website\",\"url\":\"https:\\\/\\\/www.parcfloraldelasource.com\\\/\",\"name\":\"Parc Floral de La Source\",\"description\":\"Orl\u00e9ans\",\"potentialAction\":[{\"@type\":\"SearchAction\",\"target\":{\"@type\":\"EntryPoint\",\"urlTemplate\":\"https:\\\/\\\/www.parcfloraldelasource.com\\\/?s={search_term_string}\"},\"query-input\":{\"@type\":\"PropertyValueSpecification\",\"valueRequired\":true,\"valueName\":\"search_term_string\"}}],\"inLanguage\":\"fr-FR\"}]}<\/script>\n<!-- \/ Yoast SEO plugin. -->","yoast_head_json":{"title":"F\u00eate de l'Automne - Parc Floral de La Source","robots":{"index":"index","follow":"follow","max-snippet":"max-snippet:-1","max-image-preview":"max-image-preview:large","max-video-preview":"max-video-preview:-1"},"canonical":"https:\/\/www.parcfloraldelasource.com\/espace-pro\/celebrons-lautomne\/","og_locale":"fr_FR","og_type":"article","og_title":"F\u00eate de l'Automne - Parc Floral de La Source","og_description":"&nbsp; Chaque ann\u00e9e, le Parc Floral de La Source vous retrouve avec joie pour finir sa saison en octobre avec sa F\u00eate de l&rsquo;Automne. Initi\u00e9e en 2018, notre F\u00eate de l\u2019Automne s&rsquo;\u00e9merveille autour de la gastronomie et vous propose des animations pour toute la famille. L\u2019occasion de d\u00e9couvrir les producteurs qui nous entourent et de &hellip;","og_url":"https:\/\/www.parcfloraldelasource.com\/espace-pro\/celebrons-lautomne\/","og_site_name":"Parc Floral de La Source","article_publisher":"https:\/\/www.facebook.com\/parcfloral.orleansloiret","article_modified_time":"2025-12-02T08:33:16+00:00","og_image":[{"width":2560,"height":620,"url":"https:\/\/www.parcfloraldelasource.com\/file\/2025\/12\/FDA-noir-min-scaled.png","type":"image\/png"}],"twitter_card":"summary_large_image","twitter_misc":{"Dur\u00e9e de lecture estim\u00e9e":"1 minute"},"schema":{"@context":"https:\/\/schema.org","@graph":[{"@type":"WebPage","@id":"https:\/\/www.parcfloraldelasource.com\/espace-pro\/celebrons-lautomne\/","url":"https:\/\/www.parcfloraldelasource.com\/espace-pro\/celebrons-lautomne\/","name":"F\u00eate de l'Automne - Parc Floral de La Source","isPartOf":{"@id":"https:\/\/www.parcfloraldelasource.com\/#website"},"primaryImageOfPage":{"@id":"https:\/\/www.parcfloraldelasource.com\/espace-pro\/celebrons-lautomne\/#primaryimage"},"image":{"@id":"https:\/\/www.parcfloraldelasource.com\/espace-pro\/celebrons-lautomne\/#primaryimage"},"thumbnailUrl":"https:\/\/www.parcfloraldelasource.com\/file\/2025\/12\/FDA-noir-min-1024x248.png","datePublished":"2021-07-29T07:53:37+00:00","dateModified":"2025-12-02T08:33:16+00:00","breadcrumb":{"@id":"https:\/\/www.parcfloraldelasource.com\/espace-pro\/celebrons-lautomne\/#breadcrumb"},"inLanguage":"fr-FR","potentialAction":[{"@type":"ReadAction","target":["https:\/\/www.parcfloraldelasource.com\/espace-pro\/celebrons-lautomne\/"]}]},{"@type":"ImageObject","inLanguage":"fr-FR","@id":"https:\/\/www.parcfloraldelasource.com\/espace-pro\/celebrons-lautomne\/#primaryimage","url":"https:\/\/www.parcfloraldelasource.com\/file\/2025\/12\/FDA-noir-min-scaled.png","contentUrl":"https:\/\/www.parcfloraldelasource.com\/file\/2025\/12\/FDA-noir-min-scaled.png","width":2560,"height":620},{"@type":"BreadcrumbList","@id":"https:\/\/www.parcfloraldelasource.com\/espace-pro\/celebrons-lautomne\/#breadcrumb","itemListElement":[{"@type":"ListItem","position":1,"name":"Accueil","item":"https:\/\/www.parcfloraldelasource.com\/"},{"@type":"ListItem","position":2,"name":"Espace pro","item":"https:\/\/www.parcfloraldelasource.com\/espace-pro\/"},{"@type":"ListItem","position":3,"name":"F\u00eate de l&rsquo;Automne"}]},{"@type":"WebSite","@id":"https:\/\/www.parcfloraldelasource.com\/#website","url":"https:\/\/www.parcfloraldelasource.com\/","name":"Parc Floral de La Source","description":"Orl\u00e9ans","potentialAction":[{"@type":"SearchAction","target":{"@type":"EntryPoint","urlTemplate":"https:\/\/www.parcfloraldelasource.com\/?s={search_term_string}"},"query-input":{"@type":"PropertyValueSpecification","valueRequired":true,"valueName":"search_term_string"}}],"inLanguage":"fr-FR"}]}},"_links":{"self":[{"href":"https:\/\/www.parcfloraldelasource.com\/rest\/wp\/v2\/pages\/3602","targetHints":{"allow":["GET"]}}],"collection":[{"href":"https:\/\/www.parcfloraldelasource.com\/rest\/wp\/v2\/pages"}],"about":[{"href":"https:\/\/www.parcfloraldelasource.com\/rest\/wp\/v2\/types\/page"}],"author":[{"embeddable":true,"href":"https:\/\/www.parcfloraldelasource.com\/rest\/wp\/v2\/users\/2"}],"replies":[{"embeddable":true,"href":"https:\/\/www.parcfloraldelasource.com\/rest\/wp\/v2\/comments?post=3602"}],"version-history":[{"count":37,"href":"https:\/\/www.parcfloraldelasource.com\/rest\/wp\/v2\/pages\/3602\/revisions"}],"predecessor-version":[{"id":4867,"href":"https:\/\/www.parcfloraldelasource.com\/rest\/wp\/v2\/pages\/3602\/revisions\/4867"}],"up":[{"embeddable":true,"href":"https:\/\/www.parcfloraldelasource.com\/rest\/wp\/v2\/pages\/39"}],"wp:attachment":[{"href":"https:\/\/www.parcfloraldelasource.com\/rest\/wp\/v2\/media?parent=3602"}],"curies":[{"name":"wp","href":"https:\/\/api.w.org\/{rel}","templated":true}]}}