{"id":4043,"date":"2022-05-06T17:32:04","date_gmt":"2022-05-06T15:32:04","guid":{"rendered":"https:\/\/www.parcfloraldelasource.com\/?page_id=4043"},"modified":"2026-04-01T15:11:34","modified_gmt":"2026-04-01T13:11:34","slug":"food-trucks-parc","status":"publish","type":"page","link":"https:\/\/www.parcfloraldelasource.com\/se-restaurer\/food-trucks-parc\/","title":{"rendered":"Les Food-Trucks du Parc"},"content":{"rendered":"<div class=\"kvgmc6g5 cxmmr5t8 oygrvhab hcukyx3x c1et5uql ii04i59q\">\n<div dir=\"auto\"><img loading=\"lazy\" decoding=\"async\" class=\"size-full wp-image-4775 aligncenter\" src=\"https:\/\/www.parcfloraldelasource.com\/file\/2025\/04\/Horaire-tarifs-et-titres-site-@-11.png\" alt=\"\" width=\"1024\" height=\"182\" srcset=\"https:\/\/www.parcfloraldelasource.com\/file\/2025\/04\/Horaire-tarifs-et-titres-site-@-11.png 1024w, https:\/\/www.parcfloraldelasource.com\/file\/2025\/04\/Horaire-tarifs-et-titres-site-@-11-300x53.png 300w, https:\/\/www.parcfloraldelasource.com\/file\/2025\/04\/Horaire-tarifs-et-titres-site-@-11-768x137.png 768w\" sizes=\"auto, (max-width: 1024px) 100vw, 1024px\" \/><\/div>\n<div dir=\"auto\"><\/div>\n<div dir=\"auto\"><\/div>\n<div dir=\"auto\"><strong data-start=\"142\" data-end=\"276\">Le Parc Floral renouvelle cette saison son offre de restauration avec la pr\u00e9sence hebdomadaire de food trucks aux saveurs vari\u00e9es.<\/strong><\/div>\n<div dir=\"auto\"><\/div>\n<div dir=\"auto\">Chaque semaine, venez d\u00e9couvrir une s\u00e9lection gourmande et originale, alliant cuisine de qualit\u00e9 et esprit de convivialit\u00e9. De la street food revisit\u00e9e aux sp\u00e9cialit\u00e9s du monde, ces restaurateurs itin\u00e9rants proposent une pause savoureuse en plein c\u0153ur de la nature, pour le plaisir de tous les visiteurs.<\/div>\n<\/div>\n<div style=\"text-align: center;\">\n<div style=\"margin: 4px 0px 8px;\"><\/div>\n<\/div>\n<div>Cette saison 2026, retrouvez&nbsp;:<\/div>\n<div><\/div>\n<ul>\n<li><a href=\"https:\/\/www.facebook.com\/pizzanziana\/?locale=fr_FR\" target=\"_blank\" rel=\"noopener\">Pizz&rsquo;Anziana<\/a>: Pizzas, p\u00e2te fraiche faite maison<\/li>\n<li><a href=\"https:\/\/www.instagram.com\/lechienchaud_\/\" target=\"_blank\" rel=\"noopener\">Le Chien Chaud<\/a> : Hot Dogs avec produits locaux<\/li>\n<li><a href=\"https:\/\/www.facebook.com\/p\/AlBarac-%C3%A0-frites-61557065600375\/\" target=\"_blank\" rel=\"noopener\">Al&rsquo;Barac \u00e0 frites<\/a> : Frites maison et sp\u00e9cialit\u00e9s du Nord<\/li>\n<li><a href=\"https:\/\/www.facebook.com\/latarteriedetom\" target=\"_blank\" rel=\"noopener noreferrer\">La Tarterie de Tom<\/a> : Tartes, soupes, plats du jour<\/li>\n<li><a href=\"https:\/\/www.facebook.com\/lataquinerie45\" target=\"_blank\" rel=\"noopener noreferrer\">La Taquinerie<\/a> : Brochettes, sandwichs, frites<\/li>\n<li><a href=\"https:\/\/www.glaces-moustache.fr\/glaciers\/moustache-orleans\/\" target=\"_blank\" rel=\"noopener\">Glaces Moustache<\/a> : glaces artisanales<\/li>\n<\/ul>\n<p>&nbsp;<\/p>\n<div style=\"text-align: center;\"><strong><span style=\"text-decoration: underline;\">D\u00e9couvrez les plannings mois par mois&nbsp;:<\/span><\/strong><\/div>\n<div style=\"text-align: center;\">\n<div style=\"margin: 4px 0px 8px;\"><\/div>\n<\/div>\n<div style=\"text-align: center;\">\n<div style=\"margin: 8px 0px 4px;\"><a href=\"https:\/\/www.calameo.com\/books\/007345542b9a6ee01899a\" target=\"_blank\" rel=\"noopener\">Planning Food Trucks 2026<\/a><\/div>\n<p><iframe loading=\"lazy\" style=\"margin: 0 auto;\" src=\"\/\/v.calameo.com\/?bkcode=007345542b9a6ee01899a&amp;mode=mini\" width=\"480\" height=\"300\" frameborder=\"0\" scrolling=\"no\" allowfullscreen=\"allowfullscreen\"><\/iframe><\/p>\n<div style=\"margin: 4px 0px 8px;\"><\/div>\n<\/div>","protected":false},"excerpt":{"rendered":"<p>Le Parc Floral renouvelle cette saison son offre de restauration avec la pr\u00e9sence hebdomadaire de food trucks aux saveurs vari\u00e9es. Chaque semaine, venez d\u00e9couvrir une s\u00e9lection gourmande et originale, alliant cuisine de qualit\u00e9 et esprit de convivialit\u00e9. De la street food revisit\u00e9e aux sp\u00e9cialit\u00e9s du monde, ces restaurateurs itin\u00e9rants proposent une pause savoureuse en plein &hellip; <\/p>","protected":false},"author":2,"featured_media":4777,"parent":31,"menu_order":0,"comment_status":"closed","ping_status":"closed","template":"","meta":{"footnotes":""},"class_list":["post-4043","page","type-page","status-publish","has-post-thumbnail","hentry"],"yoast_head":"<!-- This site is optimized with the Yoast SEO plugin v27.5 - https:\/\/yoast.com\/product\/yoast-seo-wordpress\/ -->\n<title>Les Food-Trucks du Parc - Parc Floral de La Source<\/title>\n<meta name=\"robots\" content=\"index, follow, max-snippet:-1, max-image-preview:large, max-video-preview:-1\" \/>\n<link rel=\"canonical\" href=\"https:\/\/www.parcfloraldelasource.com\/se-restaurer\/food-trucks-parc\/\" \/>\n<meta property=\"og:locale\" content=\"fr_FR\" \/>\n<meta property=\"og:type\" content=\"article\" \/>\n<meta property=\"og:title\" content=\"Les Food-Trucks du Parc - Parc Floral de La Source\" \/>\n<meta property=\"og:description\" content=\"Le Parc Floral renouvelle cette saison son offre de restauration avec la pr\u00e9sence hebdomadaire de food trucks aux saveurs vari\u00e9es. Chaque semaine, venez d\u00e9couvrir une s\u00e9lection gourmande et originale, alliant cuisine de qualit\u00e9 et esprit de convivialit\u00e9. De la street food revisit\u00e9e aux sp\u00e9cialit\u00e9s du monde, ces restaurateurs itin\u00e9rants proposent une pause savoureuse en plein &hellip;\" \/>\n<meta property=\"og:url\" content=\"https:\/\/www.parcfloraldelasource.com\/se-restaurer\/food-trucks-parc\/\" \/>\n<meta property=\"og:site_name\" content=\"Parc Floral de La Source\" \/>\n<meta property=\"article:publisher\" content=\"https:\/\/www.facebook.com\/parcfloral.orleansloiret\" \/>\n<meta property=\"article:modified_time\" content=\"2026-04-01T13:11:34+00:00\" \/>\n<meta property=\"og:image\" content=\"https:\/\/www.parcfloraldelasource.com\/file\/2025\/04\/7f9edd50c226331a8e6e306fa4e45704.jpg\" \/>\n\t<meta property=\"og:image:width\" content=\"1152\" \/>\n\t<meta property=\"og:image:height\" content=\"864\" \/>\n\t<meta property=\"og:image:type\" content=\"image\/jpeg\" \/>\n<meta name=\"twitter:card\" content=\"summary_large_image\" \/>\n<meta name=\"twitter:label1\" content=\"Dur\u00e9e de lecture estim\u00e9e\" \/>\n\t<meta name=\"twitter:data1\" content=\"2 minutes\" \/>\n<script type=\"application\/ld+json\" class=\"yoast-schema-graph\">{\"@context\":\"https:\\\/\\\/schema.org\",\"@graph\":[{\"@type\":\"WebPage\",\"@id\":\"https:\\\/\\\/www.parcfloraldelasource.com\\\/se-restaurer\\\/food-trucks-parc\\\/\",\"url\":\"https:\\\/\\\/www.parcfloraldelasource.com\\\/se-restaurer\\\/food-trucks-parc\\\/\",\"name\":\"Les Food-Trucks du Parc - Parc Floral de La Source\",\"isPartOf\":{\"@id\":\"https:\\\/\\\/www.parcfloraldelasource.com\\\/#website\"},\"primaryImageOfPage\":{\"@id\":\"https:\\\/\\\/www.parcfloraldelasource.com\\\/se-restaurer\\\/food-trucks-parc\\\/#primaryimage\"},\"image\":{\"@id\":\"https:\\\/\\\/www.parcfloraldelasource.com\\\/se-restaurer\\\/food-trucks-parc\\\/#primaryimage\"},\"thumbnailUrl\":\"https:\\\/\\\/www.parcfloraldelasource.com\\\/inc\\\/uploads\\\/2025\\\/04\\\/7f9edd50c226331a8e6e306fa4e45704.jpg\",\"datePublished\":\"2022-05-06T15:32:04+00:00\",\"dateModified\":\"2026-04-01T13:11:34+00:00\",\"breadcrumb\":{\"@id\":\"https:\\\/\\\/www.parcfloraldelasource.com\\\/se-restaurer\\\/food-trucks-parc\\\/#breadcrumb\"},\"inLanguage\":\"fr-FR\",\"potentialAction\":[{\"@type\":\"ReadAction\",\"target\":[\"https:\\\/\\\/www.parcfloraldelasource.com\\\/se-restaurer\\\/food-trucks-parc\\\/\"]}]},{\"@type\":\"ImageObject\",\"inLanguage\":\"fr-FR\",\"@id\":\"https:\\\/\\\/www.parcfloraldelasource.com\\\/se-restaurer\\\/food-trucks-parc\\\/#primaryimage\",\"url\":\"https:\\\/\\\/www.parcfloraldelasource.com\\\/inc\\\/uploads\\\/2025\\\/04\\\/7f9edd50c226331a8e6e306fa4e45704.jpg\",\"contentUrl\":\"https:\\\/\\\/www.parcfloraldelasource.com\\\/inc\\\/uploads\\\/2025\\\/04\\\/7f9edd50c226331a8e6e306fa4e45704.jpg\",\"width\":1152,\"height\":864},{\"@type\":\"BreadcrumbList\",\"@id\":\"https:\\\/\\\/www.parcfloraldelasource.com\\\/se-restaurer\\\/food-trucks-parc\\\/#breadcrumb\",\"itemListElement\":[{\"@type\":\"ListItem\",\"position\":1,\"name\":\"Accueil\",\"item\":\"https:\\\/\\\/www.parcfloraldelasource.com\\\/\"},{\"@type\":\"ListItem\",\"position\":2,\"name\":\"Se restaurer\",\"item\":\"https:\\\/\\\/www.parcfloraldelasource.com\\\/se-restaurer\\\/\"},{\"@type\":\"ListItem\",\"position\":3,\"name\":\"Les Food-Trucks du Parc\"}]},{\"@type\":\"WebSite\",\"@id\":\"https:\\\/\\\/www.parcfloraldelasource.com\\\/#website\",\"url\":\"https:\\\/\\\/www.parcfloraldelasource.com\\\/\",\"name\":\"Parc Floral de La Source\",\"description\":\"Orl\u00e9ans\",\"potentialAction\":[{\"@type\":\"SearchAction\",\"target\":{\"@type\":\"EntryPoint\",\"urlTemplate\":\"https:\\\/\\\/www.parcfloraldelasource.com\\\/?s={search_term_string}\"},\"query-input\":{\"@type\":\"PropertyValueSpecification\",\"valueRequired\":true,\"valueName\":\"search_term_string\"}}],\"inLanguage\":\"fr-FR\"}]}<\/script>\n<!-- \/ Yoast SEO plugin. -->","yoast_head_json":{"title":"Les Food-Trucks du Parc - Parc Floral de La Source","robots":{"index":"index","follow":"follow","max-snippet":"max-snippet:-1","max-image-preview":"max-image-preview:large","max-video-preview":"max-video-preview:-1"},"canonical":"https:\/\/www.parcfloraldelasource.com\/se-restaurer\/food-trucks-parc\/","og_locale":"fr_FR","og_type":"article","og_title":"Les Food-Trucks du Parc - Parc Floral de La Source","og_description":"Le Parc Floral renouvelle cette saison son offre de restauration avec la pr\u00e9sence hebdomadaire de food trucks aux saveurs vari\u00e9es. Chaque semaine, venez d\u00e9couvrir une s\u00e9lection gourmande et originale, alliant cuisine de qualit\u00e9 et esprit de convivialit\u00e9. De la street food revisit\u00e9e aux sp\u00e9cialit\u00e9s du monde, ces restaurateurs itin\u00e9rants proposent une pause savoureuse en plein &hellip;","og_url":"https:\/\/www.parcfloraldelasource.com\/se-restaurer\/food-trucks-parc\/","og_site_name":"Parc Floral de La Source","article_publisher":"https:\/\/www.facebook.com\/parcfloral.orleansloiret","article_modified_time":"2026-04-01T13:11:34+00:00","og_image":[{"width":1152,"height":864,"url":"https:\/\/www.parcfloraldelasource.com\/file\/2025\/04\/7f9edd50c226331a8e6e306fa4e45704.jpg","type":"image\/jpeg"}],"twitter_card":"summary_large_image","twitter_misc":{"Dur\u00e9e de lecture estim\u00e9e":"2 minutes"},"schema":{"@context":"https:\/\/schema.org","@graph":[{"@type":"WebPage","@id":"https:\/\/www.parcfloraldelasource.com\/se-restaurer\/food-trucks-parc\/","url":"https:\/\/www.parcfloraldelasource.com\/se-restaurer\/food-trucks-parc\/","name":"Les Food-Trucks du Parc - Parc Floral de La Source","isPartOf":{"@id":"https:\/\/www.parcfloraldelasource.com\/#website"},"primaryImageOfPage":{"@id":"https:\/\/www.parcfloraldelasource.com\/se-restaurer\/food-trucks-parc\/#primaryimage"},"image":{"@id":"https:\/\/www.parcfloraldelasource.com\/se-restaurer\/food-trucks-parc\/#primaryimage"},"thumbnailUrl":"https:\/\/www.parcfloraldelasource.com\/file\/2025\/04\/7f9edd50c226331a8e6e306fa4e45704.jpg","datePublished":"2022-05-06T15:32:04+00:00","dateModified":"2026-04-01T13:11:34+00:00","breadcrumb":{"@id":"https:\/\/www.parcfloraldelasource.com\/se-restaurer\/food-trucks-parc\/#breadcrumb"},"inLanguage":"fr-FR","potentialAction":[{"@type":"ReadAction","target":["https:\/\/www.parcfloraldelasource.com\/se-restaurer\/food-trucks-parc\/"]}]},{"@type":"ImageObject","inLanguage":"fr-FR","@id":"https:\/\/www.parcfloraldelasource.com\/se-restaurer\/food-trucks-parc\/#primaryimage","url":"https:\/\/www.parcfloraldelasource.com\/file\/2025\/04\/7f9edd50c226331a8e6e306fa4e45704.jpg","contentUrl":"https:\/\/www.parcfloraldelasource.com\/file\/2025\/04\/7f9edd50c226331a8e6e306fa4e45704.jpg","width":1152,"height":864},{"@type":"BreadcrumbList","@id":"https:\/\/www.parcfloraldelasource.com\/se-restaurer\/food-trucks-parc\/#breadcrumb","itemListElement":[{"@type":"ListItem","position":1,"name":"Accueil","item":"https:\/\/www.parcfloraldelasource.com\/"},{"@type":"ListItem","position":2,"name":"Se restaurer","item":"https:\/\/www.parcfloraldelasource.com\/se-restaurer\/"},{"@type":"ListItem","position":3,"name":"Les Food-Trucks du Parc"}]},{"@type":"WebSite","@id":"https:\/\/www.parcfloraldelasource.com\/#website","url":"https:\/\/www.parcfloraldelasource.com\/","name":"Parc Floral de La Source","description":"Orl\u00e9ans","potentialAction":[{"@type":"SearchAction","target":{"@type":"EntryPoint","urlTemplate":"https:\/\/www.parcfloraldelasource.com\/?s={search_term_string}"},"query-input":{"@type":"PropertyValueSpecification","valueRequired":true,"valueName":"search_term_string"}}],"inLanguage":"fr-FR"}]}},"_links":{"self":[{"href":"https:\/\/www.parcfloraldelasource.com\/rest\/wp\/v2\/pages\/4043","targetHints":{"allow":["GET"]}}],"collection":[{"href":"https:\/\/www.parcfloraldelasource.com\/rest\/wp\/v2\/pages"}],"about":[{"href":"https:\/\/www.parcfloraldelasource.com\/rest\/wp\/v2\/types\/page"}],"author":[{"embeddable":true,"href":"https:\/\/www.parcfloraldelasource.com\/rest\/wp\/v2\/users\/2"}],"replies":[{"embeddable":true,"href":"https:\/\/www.parcfloraldelasource.com\/rest\/wp\/v2\/comments?post=4043"}],"version-history":[{"count":27,"href":"https:\/\/www.parcfloraldelasource.com\/rest\/wp\/v2\/pages\/4043\/revisions"}],"predecessor-version":[{"id":5054,"href":"https:\/\/www.parcfloraldelasource.com\/rest\/wp\/v2\/pages\/4043\/revisions\/5054"}],"up":[{"embeddable":true,"href":"https:\/\/www.parcfloraldelasource.com\/rest\/wp\/v2\/pages\/31"}],"wp:featuredmedia":[{"embeddable":true,"href":"https:\/\/www.parcfloraldelasource.com\/rest\/wp\/v2\/media\/4777"}],"wp:attachment":[{"href":"https:\/\/www.parcfloraldelasource.com\/rest\/wp\/v2\/media?parent=4043"}],"curies":[{"name":"wp","href":"https:\/\/api.w.org\/{rel}","templated":true}]}}