{"id":4085,"date":"2022-06-13T16:27:17","date_gmt":"2022-06-13T14:27:17","guid":{"rendered":"https:\/\/www.parcfloraldelasource.com\/?page_id=4085"},"modified":"2026-01-09T09:40:35","modified_gmt":"2026-01-09T08:40:35","slug":"reservations","status":"publish","type":"page","link":"https:\/\/www.parcfloraldelasource.com\/reservations\/","title":{"rendered":"R\u00e9servations"},"content":{"rendered":"<h2 style=\"text-align: center;\"><img loading=\"lazy\" decoding=\"async\" class=\"aligncenter wp-image-4607 \" src=\"https:\/\/www.parcfloraldelasource.com\/file\/2024\/12\/Horaire-tarifs-et-titres-site-@-29-e1734541547762.jpg\" alt=\"\" width=\"503\" height=\"109\" srcset=\"https:\/\/www.parcfloraldelasource.com\/file\/2024\/12\/Horaire-tarifs-et-titres-site-@-29-e1734541547762.jpg 1024w, https:\/\/www.parcfloraldelasource.com\/file\/2024\/12\/Horaire-tarifs-et-titres-site-@-29-e1734541547762-300x65.jpg 300w, https:\/\/www.parcfloraldelasource.com\/file\/2024\/12\/Horaire-tarifs-et-titres-site-@-29-e1734541547762-768x167.jpg 768w\" sizes=\"auto, (max-width: 503px) 100vw, 503px\" \/><\/h2>\n<p style=\"text-align: center;\">Le Parc Floral vous propose une multitude d&rsquo;activit\u00e9s tout au long de la saison.<\/p>\n<p style=\"text-align: center;\">Afin de g\u00e9rer au mieux votre venue, tout groupe de plus de 15 personnes doit faire une demande de pr\u00e9-r\u00e9servation.<\/p>\n<hr \/>\n<p><img loading=\"lazy\" decoding=\"async\" class=\"aligncenter wp-image-4612 \" src=\"https:\/\/www.parcfloraldelasource.com\/file\/2024\/12\/Horaire-tarifs-et-titres-site-@-30-e1734542516445.jpg\" alt=\"\" width=\"564\" height=\"75\" srcset=\"https:\/\/www.parcfloraldelasource.com\/file\/2024\/12\/Horaire-tarifs-et-titres-site-@-30-e1734542516445.jpg 1024w, https:\/\/www.parcfloraldelasource.com\/file\/2024\/12\/Horaire-tarifs-et-titres-site-@-30-e1734542516445-300x40.jpg 300w, https:\/\/www.parcfloraldelasource.com\/file\/2024\/12\/Horaire-tarifs-et-titres-site-@-30-e1734542516445-768x103.jpg 768w\" sizes=\"auto, (max-width: 564px) 100vw, 564px\" \/><\/p>\n<p style=\"text-align: left;\"><img loading=\"lazy\" decoding=\"async\" class=\"alignleft size-medium wp-image-4617\" src=\"https:\/\/www.parcfloraldelasource.com\/file\/2024\/12\/Horaire-tarifs-et-titres-site-@-32-e1734613744225-248x300.jpg\" alt=\"\" width=\"248\" height=\"300\" srcset=\"https:\/\/www.parcfloraldelasource.com\/file\/2024\/12\/Horaire-tarifs-et-titres-site-@-32-e1734613744225-248x300.jpg 248w, https:\/\/www.parcfloraldelasource.com\/file\/2024\/12\/Horaire-tarifs-et-titres-site-@-32-e1734613744225.jpg 510w\" sizes=\"auto, (max-width: 248px) 100vw, 248px\" \/> <img loading=\"lazy\" decoding=\"async\" class=\"wp-image-4609 alignnone\" src=\"https:\/\/www.parcfloraldelasource.com\/file\/2024\/12\/11.jpg\" alt=\"\" width=\"36\" height=\"37\" \/>\u00a0 \u00a0 \u00a0 <span style=\"color: #000000;\"><strong>Prenez connaissance du Livret P\u00e9dagogique 2026 <\/strong><\/span><span style=\"color: #000000;\">et des animations propos\u00e9es.<\/span><\/p>\n<p style=\"text-align: left;\"><span style=\"color: #000000;\"><a href=\"https:\/\/www.calameo.com\/read\/0073455427fdcbaa6952c\" target=\"_blank\" rel=\"noopener\"><span style=\"text-decoration: underline;\"><strong><span style=\"color: #c0ae8d; text-decoration: underline;\">C<\/span><\/strong><span style=\"color: #c0ae8d; text-decoration: underline;\"><strong>onsultez-le<\/strong><\/span><\/span><\/a> en ligne ou <a href=\"https:\/\/drive.google.com\/file\/d\/1KOYLw0zS-Es4QvB_8k6QMfkKtV99Ur5g\/view?usp=sharing\" target=\"_blank\" rel=\"noopener\">t\u00e9l\u00e9chargez-le<\/a>.<\/span><\/p>\n<p>&nbsp;<\/p>\n<div style=\"text-align: center;\">\n<div style=\"margin: 4px 0px 8px;\"><img loading=\"lazy\" decoding=\"async\" class=\"wp-image-4610 alignleft\" src=\"https:\/\/www.parcfloraldelasource.com\/file\/2024\/12\/22.jpg\" alt=\"\" width=\"36\" height=\"39\" \/><\/div>\n<\/div>\n<p style=\"text-align: left;\"><span style=\"color: #000000;\">En fonction de votre structure, merci d&rsquo;<strong>effectuer votre r\u00e9servation<\/strong> via les formulaires en ligne&nbsp;:<\/span><\/p>\n<p style=\"text-align: left;\"><span style=\"color: #000000;\"><span style=\"text-decoration: underline;\"><a href=\"https:\/\/forms.gle\/Gvja9CQNrsD2UCcA6\" target=\"_blank\" rel=\"noopener\">Scolaires<\/a><\/span>, ou <span style=\"text-decoration: underline;\"><a href=\"https:\/\/forms.gle\/Y87KaZmCrn1L92xy6\" target=\"_blank\" rel=\"noopener\">P\u00e9ri-scolaires<\/a><\/span> ou Dispositif <span style=\"text-decoration: underline;\"><a href=\"https:\/\/forms.gle\/UspAKzJk1EFa7G558\" target=\"_blank\" rel=\"noopener\">Consom&rsquo;Acteurs<\/a>\u00a0<\/span><\/span><\/p>\n<p>&nbsp;<\/p>\n<p style=\"text-align: left;\"><img loading=\"lazy\" decoding=\"async\" class=\"wp-image-4611 alignleft\" src=\"https:\/\/www.parcfloraldelasource.com\/file\/2024\/12\/33.jpg\" alt=\"\" width=\"36\" height=\"37\" \/><\/p>\n<p style=\"text-align: left;\"><span style=\"color: #000000;\">\u00c0 r\u00e9ception du devis par le Parc Floral, <\/span><span style=\"color: #000000;\"><strong>merci de retourner le formulaire de confirmation de r\u00e9servation d\u00fbment rempli <\/strong><\/span><span style=\"color: #000000;\">(vous retrouvez celui-ci au centre du livret p\u00e9dagogique (pages vertes).<\/span><\/p>\n<p style=\"text-align: left;\"><span style=\"color: #000000;\"><strong>La signature et le tampon de votre \u00e9tablissement sur ce document, <\/strong><\/span><span style=\"color: #000000;\"><strong>constitue votre contrat entre le Parc et votre structure.<\/strong><\/span><\/p>\n<p>&nbsp;<\/p>\n<p><img loading=\"lazy\" decoding=\"async\" class=\"size-medium wp-image-4627 aligncenter\" src=\"https:\/\/www.parcfloraldelasource.com\/file\/2024\/12\/barre-300x19.jpg\" alt=\"\" width=\"300\" height=\"19\" srcset=\"https:\/\/www.parcfloraldelasource.com\/file\/2024\/12\/barre-300x19.jpg 300w, https:\/\/www.parcfloraldelasource.com\/file\/2024\/12\/barre-768x48.jpg 768w, https:\/\/www.parcfloraldelasource.com\/file\/2024\/12\/barre.jpg 1024w\" sizes=\"auto, (max-width: 300px) 100vw, 300px\" \/><\/p>\n<p>&nbsp;<\/p>\n<p><img loading=\"lazy\" decoding=\"async\" class=\"size-medium wp-image-4496 aligncenter\" src=\"https:\/\/www.parcfloraldelasource.com\/file\/2024\/05\/Horaire-tarifs-et-titres-site-@-3-1-e1714739942497-300x6.png\" alt=\"\" width=\"300\" height=\"6\" srcset=\"https:\/\/www.parcfloraldelasource.com\/file\/2024\/05\/Horaire-tarifs-et-titres-site-@-3-1-e1714739942497-300x6.png 300w, https:\/\/www.parcfloraldelasource.com\/file\/2024\/05\/Horaire-tarifs-et-titres-site-@-3-1-e1714739942497-768x15.png 768w, https:\/\/www.parcfloraldelasource.com\/file\/2024\/05\/Horaire-tarifs-et-titres-site-@-3-1-e1714739942497.png 1024w, https:\/\/www.parcfloraldelasource.com\/file\/2024\/05\/Horaire-tarifs-et-titres-site-@-3-1-e1714739942497-825x20.png 825w\" sizes=\"auto, (max-width: 300px) 100vw, 300px\" \/><\/p>\n<div style=\"text-align: center;\">\n<p style=\"text-align: left;\"><img loading=\"lazy\" decoding=\"async\" class=\"alignleft size-medium wp-image-4622\" src=\"https:\/\/www.parcfloraldelasource.com\/file\/2024\/12\/Horaire-tarifs-et-titres-site-@-35-e1734615071670-247x300.jpg\" alt=\"\" width=\"247\" height=\"300\" srcset=\"https:\/\/www.parcfloraldelasource.com\/file\/2024\/12\/Horaire-tarifs-et-titres-site-@-35-e1734615071670-247x300.jpg 247w, https:\/\/www.parcfloraldelasource.com\/file\/2024\/12\/Horaire-tarifs-et-titres-site-@-35-e1734615071670.jpg 502w\" sizes=\"auto, (max-width: 247px) 100vw, 247px\" \/><\/p>\n<\/div>\n<p style=\"text-align: left;\"><img loading=\"lazy\" decoding=\"async\" class=\"wp-image-4609 alignnone\" src=\"https:\/\/www.parcfloraldelasource.com\/file\/2024\/12\/11.jpg\" alt=\"\" width=\"36\" height=\"37\" \/>\u00a0 \u00a0 \u00a0 <span style=\"color: #000000;\"><strong>Prenez connaissance du Livret Associations\/Groupes\/Autocaristes 2025<\/strong><\/span><span style=\"color: #000000;\">.\u00a0 <\/span><\/p>\n<p style=\"text-align: left;\"><span style=\"color: #000000;\"><a href=\"https:\/\/www.calameo.com\/read\/007345542ffecd4ab0ee9\" target=\"_blank\" rel=\"noopener\"><span style=\"text-decoration: underline;\"><span style=\"color: #c0ae8d;\"><strong>Consultez-le<\/strong><\/span><\/span><\/a> en ligne ou <a href=\"https:\/\/drive.google.com\/file\/d\/1zU4fo1ptUpxMzhE-EjNC7vaBEbtCU_Zo\/view?usp=sharing\" target=\"_blank\" rel=\"noopener\">t\u00e9l\u00e9chargez-le<\/a>.<\/span><\/p>\n<p>&nbsp;<\/p>\n<div style=\"text-align: center;\">\n<div style=\"margin: 4px 0px 8px;\"><img loading=\"lazy\" decoding=\"async\" class=\"wp-image-4610 alignleft\" src=\"https:\/\/www.parcfloraldelasource.com\/file\/2024\/12\/22.jpg\" alt=\"\" width=\"36\" height=\"39\" \/><\/div>\n<\/div>\n<p style=\"text-align: left;\"><span style=\"color: #000000;\">Merci d&rsquo;<strong>effectuer votre r\u00e9servation<\/strong> via le formulaire en ligne&nbsp;:<\/span><\/p>\n<p><a href=\"https:\/\/forms.gle\/i2VC1hKjZikRzizPA\" target=\"_blank\" rel=\"noopener\"><span style=\"text-decoration: underline; color: #000000;\"><span style=\"text-decoration: underline;\">Groupe \/ Association \/ Autocariste\u00a0<\/span><\/span><\/a><\/p>\n<p>&nbsp;<\/p>\n<p style=\"text-align: left;\"><img loading=\"lazy\" decoding=\"async\" class=\"wp-image-4611 alignleft\" src=\"https:\/\/www.parcfloraldelasource.com\/file\/2024\/12\/33.jpg\" alt=\"\" width=\"36\" height=\"37\" \/><\/p>\n<p style=\"text-align: left;\"><span style=\"color: #000000;\">\u00c0 r\u00e9ception du devis par le Parc Floral, <\/span><span style=\"color: #000000;\"><strong>merci de retourner le formulaire de confirmation de r\u00e9servation d\u00fbment rempli <\/strong><\/span><span style=\"color: #000000;\">(vous retrouvez celui-ci au centre du livret (pages vertes).<\/span><\/p>\n<p style=\"text-align: left;\"><span style=\"color: #000000;\"><strong>La signature et le tampon de votre \u00e9tablissement sur ce document, <\/strong><\/span><span style=\"color: #000000;\"><strong>constitue votre contrat entre le Parc et votre structure.<\/strong><\/span><\/p>\n<p>&nbsp;<\/p>\n<p><img loading=\"lazy\" decoding=\"async\" class=\"size-full wp-image-4725 aligncenter\" src=\"https:\/\/www.parcfloraldelasource.com\/file\/2025\/02\/Tarifs-et-Abonnements-e1738592371830.jpg\" alt=\"\" width=\"840\" height=\"463\" srcset=\"https:\/\/www.parcfloraldelasource.com\/file\/2025\/02\/Tarifs-et-Abonnements-e1738592371830.jpg 840w, https:\/\/www.parcfloraldelasource.com\/file\/2025\/02\/Tarifs-et-Abonnements-e1738592371830-300x165.jpg 300w, https:\/\/www.parcfloraldelasource.com\/file\/2025\/02\/Tarifs-et-Abonnements-e1738592371830-768x423.jpg 768w\" sizes=\"auto, (max-width: 840px) 100vw, 840px\" \/><\/p>\n<p>&nbsp;<\/p>\n<p>&nbsp;<\/p>\n<p style=\"text-align: center;\"><span style=\"color: #ff0000;\"><em>Info&nbsp;: r\u00e9servation obligatoire d\u00e8s 15 personnes<\/em><\/span><\/p>","protected":false},"excerpt":{"rendered":"<p>Le Parc Floral vous propose une multitude d&rsquo;activit\u00e9s tout au long de la saison. Afin de g\u00e9rer au mieux votre venue, tout groupe de plus de 15 personnes doit faire une demande de pr\u00e9-r\u00e9servation. \u00a0 \u00a0 \u00a0 Prenez connaissance du Livret P\u00e9dagogique 2026 et des animations propos\u00e9es. Consultez-le en ligne ou t\u00e9l\u00e9chargez-le. &nbsp; En fonction &hellip; <\/p>","protected":false},"author":2,"featured_media":0,"parent":0,"menu_order":0,"comment_status":"closed","ping_status":"closed","template":"","meta":{"footnotes":""},"class_list":["post-4085","page","type-page","status-publish","hentry"],"yoast_head":"<!-- This site is optimized with the Yoast SEO plugin v27.5 - https:\/\/yoast.com\/product\/yoast-seo-wordpress\/ -->\n<title>R\u00e9servations - Parc Floral de La Source<\/title>\n<meta name=\"robots\" content=\"index, follow, max-snippet:-1, max-image-preview:large, max-video-preview:-1\" \/>\n<link rel=\"canonical\" href=\"https:\/\/www.parcfloraldelasource.com\/reservations\/\" \/>\n<meta property=\"og:locale\" content=\"fr_FR\" \/>\n<meta property=\"og:type\" content=\"article\" \/>\n<meta property=\"og:title\" content=\"R\u00e9servations - Parc Floral de La Source\" \/>\n<meta property=\"og:description\" content=\"Le Parc Floral vous propose une multitude d&rsquo;activit\u00e9s tout au long de la saison. Afin de g\u00e9rer au mieux votre venue, tout groupe de plus de 15 personnes doit faire une demande de pr\u00e9-r\u00e9servation. \u00a0 \u00a0 \u00a0 Prenez connaissance du Livret P\u00e9dagogique 2026 et des animations propos\u00e9es. Consultez-le en ligne ou t\u00e9l\u00e9chargez-le. &nbsp; En fonction &hellip;\" \/>\n<meta property=\"og:url\" content=\"https:\/\/www.parcfloraldelasource.com\/reservations\/\" \/>\n<meta property=\"og:site_name\" content=\"Parc Floral de La Source\" \/>\n<meta property=\"article:publisher\" content=\"https:\/\/www.facebook.com\/parcfloral.orleansloiret\" \/>\n<meta property=\"article:modified_time\" content=\"2026-01-09T08:40:35+00:00\" \/>\n<meta property=\"og:image\" content=\"https:\/\/www.parcfloraldelasource.com\/file\/2024\/12\/Horaire-tarifs-et-titres-site-@-29-e1734541547762.jpg\" \/>\n\t<meta property=\"og:image:width\" content=\"1024\" \/>\n\t<meta property=\"og:image:height\" content=\"222\" \/>\n\t<meta property=\"og:image:type\" content=\"image\/jpeg\" \/>\n<meta name=\"twitter:card\" content=\"summary_large_image\" \/>\n<meta name=\"twitter:label1\" content=\"Dur\u00e9e de lecture estim\u00e9e\" \/>\n\t<meta name=\"twitter:data1\" content=\"4 minutes\" \/>\n<script type=\"application\/ld+json\" class=\"yoast-schema-graph\">{\"@context\":\"https:\\\/\\\/schema.org\",\"@graph\":[{\"@type\":\"WebPage\",\"@id\":\"https:\\\/\\\/www.parcfloraldelasource.com\\\/reservations\\\/\",\"url\":\"https:\\\/\\\/www.parcfloraldelasource.com\\\/reservations\\\/\",\"name\":\"R\u00e9servations - Parc Floral de La Source\",\"isPartOf\":{\"@id\":\"https:\\\/\\\/www.parcfloraldelasource.com\\\/#website\"},\"primaryImageOfPage\":{\"@id\":\"https:\\\/\\\/www.parcfloraldelasource.com\\\/reservations\\\/#primaryimage\"},\"image\":{\"@id\":\"https:\\\/\\\/www.parcfloraldelasource.com\\\/reservations\\\/#primaryimage\"},\"thumbnailUrl\":\"https:\\\/\\\/www.parcfloraldelasource.com\\\/inc\\\/uploads\\\/2024\\\/12\\\/Horaire-tarifs-et-titres-site-@-29-e1734541547762.jpg\",\"datePublished\":\"2022-06-13T14:27:17+00:00\",\"dateModified\":\"2026-01-09T08:40:35+00:00\",\"breadcrumb\":{\"@id\":\"https:\\\/\\\/www.parcfloraldelasource.com\\\/reservations\\\/#breadcrumb\"},\"inLanguage\":\"fr-FR\",\"potentialAction\":[{\"@type\":\"ReadAction\",\"target\":[\"https:\\\/\\\/www.parcfloraldelasource.com\\\/reservations\\\/\"]}]},{\"@type\":\"ImageObject\",\"inLanguage\":\"fr-FR\",\"@id\":\"https:\\\/\\\/www.parcfloraldelasource.com\\\/reservations\\\/#primaryimage\",\"url\":\"https:\\\/\\\/www.parcfloraldelasource.com\\\/inc\\\/uploads\\\/2024\\\/12\\\/Horaire-tarifs-et-titres-site-@-29-e1734541547762.jpg\",\"contentUrl\":\"https:\\\/\\\/www.parcfloraldelasource.com\\\/inc\\\/uploads\\\/2024\\\/12\\\/Horaire-tarifs-et-titres-site-@-29-e1734541547762.jpg\",\"width\":1024,\"height\":222},{\"@type\":\"BreadcrumbList\",\"@id\":\"https:\\\/\\\/www.parcfloraldelasource.com\\\/reservations\\\/#breadcrumb\",\"itemListElement\":[{\"@type\":\"ListItem\",\"position\":1,\"name\":\"Accueil\",\"item\":\"https:\\\/\\\/www.parcfloraldelasource.com\\\/\"},{\"@type\":\"ListItem\",\"position\":2,\"name\":\"R\u00e9servations\"}]},{\"@type\":\"WebSite\",\"@id\":\"https:\\\/\\\/www.parcfloraldelasource.com\\\/#website\",\"url\":\"https:\\\/\\\/www.parcfloraldelasource.com\\\/\",\"name\":\"Parc Floral de La Source\",\"description\":\"Orl\u00e9ans\",\"potentialAction\":[{\"@type\":\"SearchAction\",\"target\":{\"@type\":\"EntryPoint\",\"urlTemplate\":\"https:\\\/\\\/www.parcfloraldelasource.com\\\/?s={search_term_string}\"},\"query-input\":{\"@type\":\"PropertyValueSpecification\",\"valueRequired\":true,\"valueName\":\"search_term_string\"}}],\"inLanguage\":\"fr-FR\"}]}<\/script>\n<!-- \/ Yoast SEO plugin. -->","yoast_head_json":{"title":"R\u00e9servations - Parc Floral de La Source","robots":{"index":"index","follow":"follow","max-snippet":"max-snippet:-1","max-image-preview":"max-image-preview:large","max-video-preview":"max-video-preview:-1"},"canonical":"https:\/\/www.parcfloraldelasource.com\/reservations\/","og_locale":"fr_FR","og_type":"article","og_title":"R\u00e9servations - Parc Floral de La Source","og_description":"Le Parc Floral vous propose une multitude d&rsquo;activit\u00e9s tout au long de la saison. Afin de g\u00e9rer au mieux votre venue, tout groupe de plus de 15 personnes doit faire une demande de pr\u00e9-r\u00e9servation. \u00a0 \u00a0 \u00a0 Prenez connaissance du Livret P\u00e9dagogique 2026 et des animations propos\u00e9es. Consultez-le en ligne ou t\u00e9l\u00e9chargez-le. &nbsp; En fonction &hellip;","og_url":"https:\/\/www.parcfloraldelasource.com\/reservations\/","og_site_name":"Parc Floral de La Source","article_publisher":"https:\/\/www.facebook.com\/parcfloral.orleansloiret","article_modified_time":"2026-01-09T08:40:35+00:00","og_image":[{"width":1024,"height":222,"url":"https:\/\/www.parcfloraldelasource.com\/file\/2024\/12\/Horaire-tarifs-et-titres-site-@-29-e1734541547762.jpg","type":"image\/jpeg"}],"twitter_card":"summary_large_image","twitter_misc":{"Dur\u00e9e de lecture estim\u00e9e":"4 minutes"},"schema":{"@context":"https:\/\/schema.org","@graph":[{"@type":"WebPage","@id":"https:\/\/www.parcfloraldelasource.com\/reservations\/","url":"https:\/\/www.parcfloraldelasource.com\/reservations\/","name":"R\u00e9servations - Parc Floral de La Source","isPartOf":{"@id":"https:\/\/www.parcfloraldelasource.com\/#website"},"primaryImageOfPage":{"@id":"https:\/\/www.parcfloraldelasource.com\/reservations\/#primaryimage"},"image":{"@id":"https:\/\/www.parcfloraldelasource.com\/reservations\/#primaryimage"},"thumbnailUrl":"https:\/\/www.parcfloraldelasource.com\/file\/2024\/12\/Horaire-tarifs-et-titres-site-@-29-e1734541547762.jpg","datePublished":"2022-06-13T14:27:17+00:00","dateModified":"2026-01-09T08:40:35+00:00","breadcrumb":{"@id":"https:\/\/www.parcfloraldelasource.com\/reservations\/#breadcrumb"},"inLanguage":"fr-FR","potentialAction":[{"@type":"ReadAction","target":["https:\/\/www.parcfloraldelasource.com\/reservations\/"]}]},{"@type":"ImageObject","inLanguage":"fr-FR","@id":"https:\/\/www.parcfloraldelasource.com\/reservations\/#primaryimage","url":"https:\/\/www.parcfloraldelasource.com\/file\/2024\/12\/Horaire-tarifs-et-titres-site-@-29-e1734541547762.jpg","contentUrl":"https:\/\/www.parcfloraldelasource.com\/file\/2024\/12\/Horaire-tarifs-et-titres-site-@-29-e1734541547762.jpg","width":1024,"height":222},{"@type":"BreadcrumbList","@id":"https:\/\/www.parcfloraldelasource.com\/reservations\/#breadcrumb","itemListElement":[{"@type":"ListItem","position":1,"name":"Accueil","item":"https:\/\/www.parcfloraldelasource.com\/"},{"@type":"ListItem","position":2,"name":"R\u00e9servations"}]},{"@type":"WebSite","@id":"https:\/\/www.parcfloraldelasource.com\/#website","url":"https:\/\/www.parcfloraldelasource.com\/","name":"Parc Floral de La Source","description":"Orl\u00e9ans","potentialAction":[{"@type":"SearchAction","target":{"@type":"EntryPoint","urlTemplate":"https:\/\/www.parcfloraldelasource.com\/?s={search_term_string}"},"query-input":{"@type":"PropertyValueSpecification","valueRequired":true,"valueName":"search_term_string"}}],"inLanguage":"fr-FR"}]}},"_links":{"self":[{"href":"https:\/\/www.parcfloraldelasource.com\/rest\/wp\/v2\/pages\/4085","targetHints":{"allow":["GET"]}}],"collection":[{"href":"https:\/\/www.parcfloraldelasource.com\/rest\/wp\/v2\/pages"}],"about":[{"href":"https:\/\/www.parcfloraldelasource.com\/rest\/wp\/v2\/types\/page"}],"author":[{"embeddable":true,"href":"https:\/\/www.parcfloraldelasource.com\/rest\/wp\/v2\/users\/2"}],"replies":[{"embeddable":true,"href":"https:\/\/www.parcfloraldelasource.com\/rest\/wp\/v2\/comments?post=4085"}],"version-history":[{"count":70,"href":"https:\/\/www.parcfloraldelasource.com\/rest\/wp\/v2\/pages\/4085\/revisions"}],"predecessor-version":[{"id":4906,"href":"https:\/\/www.parcfloraldelasource.com\/rest\/wp\/v2\/pages\/4085\/revisions\/4906"}],"wp:attachment":[{"href":"https:\/\/www.parcfloraldelasource.com\/rest\/wp\/v2\/media?parent=4085"}],"curies":[{"name":"wp","href":"https:\/\/api.w.org\/{rel}","templated":true}]}}