{"id":65,"date":"2017-03-30T14:24:17","date_gmt":"2017-03-30T12:24:17","guid":{"rendered":"https:\/\/www.parcfloraldelasource.com\/?page_id=65"},"modified":"2021-04-28T14:56:25","modified_gmt":"2021-04-28T12:56:25","slug":"formes","status":"publish","type":"page","link":"https:\/\/www.parcfloraldelasource.com\/les-jardins\/formes\/","title":{"rendered":"Formes"},"content":{"rendered":"<h2>Le jardin de formes<\/h2>\n<p style=\"text-align: justify;\">Tout proche de l\u2019entr\u00e9e du <strong>Parc Floral de La Source (45<\/strong>), le jardin de formes vous propose de retrouver, l\u2019espace d\u2019un instant, \u00e9quilibre et s\u00e9r\u00e9nit\u00e9. S\u2019inspirant des traditions des jardins zen, il est anim\u00e9 par des arbres taill\u00e9s en nuages qui r\u00e9veillent notre imaginaire. Et son petit bassin peupl\u00e9 d\u2019amphibiens dans lequel s\u2019\u00e9panouissent des n\u00e9nuphars nous invite \u00e0 la contemplation.<\/p>\n<hr \/>\n<h4 style=\"text-align: center;\"><strong>A d\u00e9couvrir au fil des saisons.<\/strong><\/h4>","protected":false},"excerpt":{"rendered":"<p>Le jardin de formes Tout proche de l\u2019entr\u00e9e du Parc Floral de La Source (45), le jardin de formes vous propose de retrouver, l\u2019espace d\u2019un instant, \u00e9quilibre et s\u00e9r\u00e9nit\u00e9. S\u2019inspirant des traditions des jardins zen, il est anim\u00e9 par des arbres taill\u00e9s en nuages qui r\u00e9veillent notre imaginaire. Et son petit bassin peupl\u00e9 d\u2019amphibiens dans &hellip; <\/p>","protected":false},"author":1,"featured_media":0,"parent":24,"menu_order":5,"comment_status":"closed","ping_status":"closed","template":"","meta":{"footnotes":""},"class_list":["post-65","page","type-page","status-publish","hentry"],"yoast_head":"<!-- This site is optimized with the Yoast SEO plugin v27.5 - https:\/\/yoast.com\/product\/yoast-seo-wordpress\/ -->\n<title>Jardin de formes - Parc Floral de La Source<\/title>\n<meta name=\"description\" content=\"D\u00e9couvrez le jardin de formes respectant les traditions du zen avec son bassin d\u2019amphibiens, r\u00e9alis\u00e9 pour \u00e9veiller votre imaginaire.\" \/>\n<meta name=\"robots\" content=\"index, follow, max-snippet:-1, max-image-preview:large, max-video-preview:-1\" \/>\n<link rel=\"canonical\" href=\"https:\/\/www.parcfloraldelasource.com\/les-jardins\/formes\/\" \/>\n<meta property=\"og:locale\" content=\"fr_FR\" \/>\n<meta property=\"og:type\" content=\"article\" \/>\n<meta property=\"og:title\" content=\"Jardin de formes - Parc Floral de La Source\" \/>\n<meta property=\"og:description\" content=\"D\u00e9couvrez le jardin de formes respectant les traditions du zen avec son bassin d\u2019amphibiens, r\u00e9alis\u00e9 pour \u00e9veiller votre imaginaire.\" \/>\n<meta property=\"og:url\" content=\"https:\/\/www.parcfloraldelasource.com\/les-jardins\/formes\/\" \/>\n<meta property=\"og:site_name\" content=\"Parc Floral de La Source\" \/>\n<meta property=\"article:publisher\" content=\"https:\/\/www.facebook.com\/parcfloral.orleansloiret\" \/>\n<meta property=\"article:modified_time\" content=\"2021-04-28T12:56:25+00:00\" \/>\n<meta name=\"twitter:card\" content=\"summary_large_image\" \/>\n<script type=\"application\/ld+json\" class=\"yoast-schema-graph\">{\"@context\":\"https:\\\/\\\/schema.org\",\"@graph\":[{\"@type\":\"WebPage\",\"@id\":\"https:\\\/\\\/www.parcfloraldelasource.com\\\/les-jardins\\\/formes\\\/\",\"url\":\"https:\\\/\\\/www.parcfloraldelasource.com\\\/les-jardins\\\/formes\\\/\",\"name\":\"Jardin de formes - Parc Floral de La Source\",\"isPartOf\":{\"@id\":\"https:\\\/\\\/www.parcfloraldelasource.com\\\/#website\"},\"datePublished\":\"2017-03-30T12:24:17+00:00\",\"dateModified\":\"2021-04-28T12:56:25+00:00\",\"description\":\"D\u00e9couvrez le jardin de formes respectant les traditions du zen avec son bassin d\u2019amphibiens, r\u00e9alis\u00e9 pour \u00e9veiller votre imaginaire.\",\"breadcrumb\":{\"@id\":\"https:\\\/\\\/www.parcfloraldelasource.com\\\/les-jardins\\\/formes\\\/#breadcrumb\"},\"inLanguage\":\"fr-FR\",\"potentialAction\":[{\"@type\":\"ReadAction\",\"target\":[\"https:\\\/\\\/www.parcfloraldelasource.com\\\/les-jardins\\\/formes\\\/\"]}]},{\"@type\":\"BreadcrumbList\",\"@id\":\"https:\\\/\\\/www.parcfloraldelasource.com\\\/les-jardins\\\/formes\\\/#breadcrumb\",\"itemListElement\":[{\"@type\":\"ListItem\",\"position\":1,\"name\":\"Accueil\",\"item\":\"https:\\\/\\\/www.parcfloraldelasource.com\\\/\"},{\"@type\":\"ListItem\",\"position\":2,\"name\":\"Les jardins\",\"item\":\"https:\\\/\\\/www.parcfloraldelasource.com\\\/les-jardins\\\/\"},{\"@type\":\"ListItem\",\"position\":3,\"name\":\"Formes\"}]},{\"@type\":\"WebSite\",\"@id\":\"https:\\\/\\\/www.parcfloraldelasource.com\\\/#website\",\"url\":\"https:\\\/\\\/www.parcfloraldelasource.com\\\/\",\"name\":\"Parc Floral de La Source\",\"description\":\"Orl\u00e9ans\",\"potentialAction\":[{\"@type\":\"SearchAction\",\"target\":{\"@type\":\"EntryPoint\",\"urlTemplate\":\"https:\\\/\\\/www.parcfloraldelasource.com\\\/?s={search_term_string}\"},\"query-input\":{\"@type\":\"PropertyValueSpecification\",\"valueRequired\":true,\"valueName\":\"search_term_string\"}}],\"inLanguage\":\"fr-FR\"}]}<\/script>\n<!-- \/ Yoast SEO plugin. -->","yoast_head_json":{"title":"Jardin de formes - Parc Floral de La Source","description":"D\u00e9couvrez le jardin de formes respectant les traditions du zen avec son bassin d\u2019amphibiens, r\u00e9alis\u00e9 pour \u00e9veiller votre imaginaire.","robots":{"index":"index","follow":"follow","max-snippet":"max-snippet:-1","max-image-preview":"max-image-preview:large","max-video-preview":"max-video-preview:-1"},"canonical":"https:\/\/www.parcfloraldelasource.com\/les-jardins\/formes\/","og_locale":"fr_FR","og_type":"article","og_title":"Jardin de formes - Parc Floral de La Source","og_description":"D\u00e9couvrez le jardin de formes respectant les traditions du zen avec son bassin d\u2019amphibiens, r\u00e9alis\u00e9 pour \u00e9veiller votre imaginaire.","og_url":"https:\/\/www.parcfloraldelasource.com\/les-jardins\/formes\/","og_site_name":"Parc Floral de La Source","article_publisher":"https:\/\/www.facebook.com\/parcfloral.orleansloiret","article_modified_time":"2021-04-28T12:56:25+00:00","twitter_card":"summary_large_image","schema":{"@context":"https:\/\/schema.org","@graph":[{"@type":"WebPage","@id":"https:\/\/www.parcfloraldelasource.com\/les-jardins\/formes\/","url":"https:\/\/www.parcfloraldelasource.com\/les-jardins\/formes\/","name":"Jardin de formes - Parc Floral de La Source","isPartOf":{"@id":"https:\/\/www.parcfloraldelasource.com\/#website"},"datePublished":"2017-03-30T12:24:17+00:00","dateModified":"2021-04-28T12:56:25+00:00","description":"D\u00e9couvrez le jardin de formes respectant les traditions du zen avec son bassin d\u2019amphibiens, r\u00e9alis\u00e9 pour \u00e9veiller votre imaginaire.","breadcrumb":{"@id":"https:\/\/www.parcfloraldelasource.com\/les-jardins\/formes\/#breadcrumb"},"inLanguage":"fr-FR","potentialAction":[{"@type":"ReadAction","target":["https:\/\/www.parcfloraldelasource.com\/les-jardins\/formes\/"]}]},{"@type":"BreadcrumbList","@id":"https:\/\/www.parcfloraldelasource.com\/les-jardins\/formes\/#breadcrumb","itemListElement":[{"@type":"ListItem","position":1,"name":"Accueil","item":"https:\/\/www.parcfloraldelasource.com\/"},{"@type":"ListItem","position":2,"name":"Les jardins","item":"https:\/\/www.parcfloraldelasource.com\/les-jardins\/"},{"@type":"ListItem","position":3,"name":"Formes"}]},{"@type":"WebSite","@id":"https:\/\/www.parcfloraldelasource.com\/#website","url":"https:\/\/www.parcfloraldelasource.com\/","name":"Parc Floral de La Source","description":"Orl\u00e9ans","potentialAction":[{"@type":"SearchAction","target":{"@type":"EntryPoint","urlTemplate":"https:\/\/www.parcfloraldelasource.com\/?s={search_term_string}"},"query-input":{"@type":"PropertyValueSpecification","valueRequired":true,"valueName":"search_term_string"}}],"inLanguage":"fr-FR"}]}},"_links":{"self":[{"href":"https:\/\/www.parcfloraldelasource.com\/rest\/wp\/v2\/pages\/65","targetHints":{"allow":["GET"]}}],"collection":[{"href":"https:\/\/www.parcfloraldelasource.com\/rest\/wp\/v2\/pages"}],"about":[{"href":"https:\/\/www.parcfloraldelasource.com\/rest\/wp\/v2\/types\/page"}],"author":[{"embeddable":true,"href":"https:\/\/www.parcfloraldelasource.com\/rest\/wp\/v2\/users\/1"}],"replies":[{"embeddable":true,"href":"https:\/\/www.parcfloraldelasource.com\/rest\/wp\/v2\/comments?post=65"}],"version-history":[{"count":11,"href":"https:\/\/www.parcfloraldelasource.com\/rest\/wp\/v2\/pages\/65\/revisions"}],"predecessor-version":[{"id":1134,"href":"https:\/\/www.parcfloraldelasource.com\/rest\/wp\/v2\/pages\/65\/revisions\/1134"}],"up":[{"embeddable":true,"href":"https:\/\/www.parcfloraldelasource.com\/rest\/wp\/v2\/pages\/24"}],"wp:attachment":[{"href":"https:\/\/www.parcfloraldelasource.com\/rest\/wp\/v2\/media?parent=65"}],"curies":[{"name":"wp","href":"https:\/\/api.w.org\/{rel}","templated":true}]}}