{"id":73,"date":"2017-03-30T14:28:30","date_gmt":"2017-03-30T12:28:30","guid":{"rendered":"https:\/\/www.parcfloraldelasource.com\/?page_id=73"},"modified":"2025-06-24T14:41:57","modified_gmt":"2025-06-24T12:41:57","slug":"dahlias","status":"publish","type":"page","link":"https:\/\/www.parcfloraldelasource.com\/les-jardins\/dahlias\/","title":{"rendered":"Dahlias"},"content":{"rendered":"<h2 style=\"text-align: center;\">Le jardin de dahlias<\/h2>\n<p><img loading=\"lazy\" decoding=\"async\" class=\"size-medium wp-image-4496 aligncenter\" src=\"https:\/\/www.parcfloraldelasource.com\/file\/2024\/05\/Horaire-tarifs-et-titres-site-@-3-1-e1714739942497-300x6.png\" alt=\"\" width=\"300\" height=\"6\" srcset=\"https:\/\/www.parcfloraldelasource.com\/file\/2024\/05\/Horaire-tarifs-et-titres-site-@-3-1-e1714739942497-300x6.png 300w, https:\/\/www.parcfloraldelasource.com\/file\/2024\/05\/Horaire-tarifs-et-titres-site-@-3-1-e1714739942497-768x15.png 768w, https:\/\/www.parcfloraldelasource.com\/file\/2024\/05\/Horaire-tarifs-et-titres-site-@-3-1-e1714739942497.png 1024w, https:\/\/www.parcfloraldelasource.com\/file\/2024\/05\/Horaire-tarifs-et-titres-site-@-3-1-e1714739942497-825x20.png 825w\" sizes=\"auto, (max-width: 300px) 100vw, 300px\" \/><\/p>\n<p>Pr\u00e9sent\u00e9s dans un jardin circulaire, les carr\u00e9s de dahlias alternent avec des bandes de gazon jouant ainsi des contrastes entre le vert uni de la pelouse et les couleurs panach\u00e9es de ces superbes fleurs. Longtemps nomm\u00e9s \u201dchichipatli\u201d les dahlias, originaires des hauts plateaux mexicains, arborent des couleurs chatoyantes que l\u2019on peut contempler jusqu\u2019aux premi\u00e8res gel\u00e9es.<\/p>\n<hr \/>\n<h2 style=\"text-align: center;\"><strong>Participez au Crit\u00e9rium du Dahlia 2025&nbsp;!<\/strong><\/h2>\n<p><img loading=\"lazy\" decoding=\"async\" class=\"size-medium wp-image-4496 aligncenter\" src=\"https:\/\/www.parcfloraldelasource.com\/file\/2024\/05\/Horaire-tarifs-et-titres-site-@-3-1-e1714739942497-300x6.png\" alt=\"\" width=\"300\" height=\"6\" srcset=\"https:\/\/www.parcfloraldelasource.com\/file\/2024\/05\/Horaire-tarifs-et-titres-site-@-3-1-e1714739942497-300x6.png 300w, https:\/\/www.parcfloraldelasource.com\/file\/2024\/05\/Horaire-tarifs-et-titres-site-@-3-1-e1714739942497-768x15.png 768w, https:\/\/www.parcfloraldelasource.com\/file\/2024\/05\/Horaire-tarifs-et-titres-site-@-3-1-e1714739942497.png 1024w, https:\/\/www.parcfloraldelasource.com\/file\/2024\/05\/Horaire-tarifs-et-titres-site-@-3-1-e1714739942497-825x20.png 825w\" sizes=\"auto, (max-width: 300px) 100vw, 300px\" \/><\/p>\n<p>Chaque \u00e9t\u00e9, le Parc Floral de la Source \u00e0 Orl\u00e9ans devient le th\u00e9\u00e2tre d\u2019un concours floral unique en son genre&nbsp;: le <strong>Crit\u00e9rium du Dahlia<\/strong>. De juillet \u00e0 fin octobre, les all\u00e9es de ce jardin s\u2019illuminent des couleurs chatoyantes de plus de 150 vari\u00e9t\u00e9s de dahlias, cultiv\u00e9es avec passion et savoir-faire par trois grands professionnels&nbsp;: <strong>Verver Export<\/strong>, le <strong>Campus M\u00e9tiers Nature de Coutances<\/strong> et les <strong>\u00c9tablissements Ernest Turc<\/strong>.<\/p>\n<p>Vous devrez faire un choix uniquement parmi la s\u00e9lection de 37 vari\u00e9t\u00e9s de dahlias. Pour mieux vous rep\u00e9rer, les \u00e9tiquettes des vari\u00e9t\u00e9s en comp\u00e9tition comportent une petite lettre \u00ab\u00a0C\u00a0\u00bb sur le c\u00f4t\u00e9.<\/p>\n<p>Ce crit\u00e9rium est bien plus qu\u2019une simple exposition&nbsp;: c\u2019est un v\u00e9ritable <strong>vote du public<\/strong>, o\u00f9 chaque visiteur peut devenir jur\u00e9 d\u2019un jour.<\/p>\n<p><img loading=\"lazy\" decoding=\"async\" class=\"size-medium wp-image-4496 aligncenter\" src=\"https:\/\/www.parcfloraldelasource.com\/file\/2024\/05\/Horaire-tarifs-et-titres-site-@-3-1-e1714739942497-300x6.png\" alt=\"\" width=\"300\" height=\"6\" srcset=\"https:\/\/www.parcfloraldelasource.com\/file\/2024\/05\/Horaire-tarifs-et-titres-site-@-3-1-e1714739942497-300x6.png 300w, https:\/\/www.parcfloraldelasource.com\/file\/2024\/05\/Horaire-tarifs-et-titres-site-@-3-1-e1714739942497-768x15.png 768w, https:\/\/www.parcfloraldelasource.com\/file\/2024\/05\/Horaire-tarifs-et-titres-site-@-3-1-e1714739942497.png 1024w, https:\/\/www.parcfloraldelasource.com\/file\/2024\/05\/Horaire-tarifs-et-titres-site-@-3-1-e1714739942497-825x20.png 825w\" sizes=\"auto, (max-width: 300px) 100vw, 300px\" \/><\/p>\n<p><strong>Comment participer&nbsp;?<\/strong><\/p>\n<p>Rien de plus simple&nbsp;! Lors de votre promenade, laissez-vous guider jusqu\u2019au jardin de dahlias et <strong>observez les deux zones de culture<\/strong> :<\/p>\n<ul>\n<li>d\u2019un c\u00f4t\u00e9, les <strong>dahlias nains<\/strong>, compacts et florif\u00e8res<\/li>\n<li>de l\u2019autre, les <strong>dahlias \u00e0 grand d\u00e9veloppement<\/strong>, majestueux et imposants<\/li>\n<\/ul>\n<p>Scannez le code QR sur le panneau de pr\u00e9sentation et acc\u00e9dez au vote en quelques clics\u00a0! Pour chaque cat\u00e9gorie (nains et grands), notez vos <strong>trois vari\u00e9t\u00e9s pr\u00e9f\u00e9r\u00e9es<\/strong> en les classant de la <strong>1\u02b3\u1d49 \u00e0 la 3\u1d49 position<\/strong> selon vos coups de c\u0153ur.<\/p>\n<p>Votre avis est pr\u00e9cieux&nbsp;: c\u2019est lui qui contribuera au <strong>classement g\u00e9n\u00e9ral<\/strong> du concours.<\/p>\n<p><img loading=\"lazy\" decoding=\"async\" class=\"size-medium wp-image-4496 aligncenter\" src=\"https:\/\/www.parcfloraldelasource.com\/file\/2024\/05\/Horaire-tarifs-et-titres-site-@-3-1-e1714739942497-300x6.png\" alt=\"\" width=\"300\" height=\"6\" srcset=\"https:\/\/www.parcfloraldelasource.com\/file\/2024\/05\/Horaire-tarifs-et-titres-site-@-3-1-e1714739942497-300x6.png 300w, https:\/\/www.parcfloraldelasource.com\/file\/2024\/05\/Horaire-tarifs-et-titres-site-@-3-1-e1714739942497-768x15.png 768w, https:\/\/www.parcfloraldelasource.com\/file\/2024\/05\/Horaire-tarifs-et-titres-site-@-3-1-e1714739942497.png 1024w, https:\/\/www.parcfloraldelasource.com\/file\/2024\/05\/Horaire-tarifs-et-titres-site-@-3-1-e1714739942497-825x20.png 825w\" sizes=\"auto, (max-width: 300px) 100vw, 300px\" \/><\/p>\n<p><strong>Le syst\u00e8me de classement<\/strong><\/p>\n<p>\u00c0 la fin de la saison, tous les bulletins sont collect\u00e9s et un classement g\u00e9n\u00e9ral est \u00e9tabli selon un <strong>syst\u00e8me de points<\/strong> :<\/p>\n<ul>\n<li>Pour les dahlias <strong>nains<\/strong> :<br \/>\n\u2022 3 points pour une vari\u00e9t\u00e9 class\u00e9e 1\u02b3\u1d49<br \/>\n\u2022 2 points pour une vari\u00e9t\u00e9 class\u00e9e 2\u1d49<br \/>\n\u2022 1 point pour une vari\u00e9t\u00e9 class\u00e9e 3\u1d49<\/li>\n<\/ul>\n<p>&nbsp;<\/p>\n<ul>\n<li>Pour les dahlias <strong>\u00e0 grand d\u00e9veloppement<\/strong> :<br \/>\n\u2022 4 points pour une vari\u00e9t\u00e9 class\u00e9e 1\u02b3\u1d49<br \/>\n\u2022 2 points pour une vari\u00e9t\u00e9 class\u00e9e 2\u1d49<br \/>\n\u2022 1 point pour une vari\u00e9t\u00e9 class\u00e9e 3\u1d49<\/li>\n<\/ul>\n<p>Ce bar\u00e8me permet de d\u00e9gager les vari\u00e9t\u00e9s les plus appr\u00e9ci\u00e9es par l\u2019ensemble des visiteurs.<\/p>\n<p>? <em>Le r\u00e8glement complet du jeu est consultable [<a href=\"https:\/\/www.parcfloraldelasource.com\/file\/2025\/06\/REGLEMENT-DU-JEU-Version-2025.pdf\" target=\"_blank\" rel=\"noopener\">en cliquant ici<\/a>]<\/em>.<\/p>\n<p><img loading=\"lazy\" decoding=\"async\" class=\"size-medium wp-image-4496 aligncenter\" src=\"https:\/\/www.parcfloraldelasource.com\/file\/2024\/05\/Horaire-tarifs-et-titres-site-@-3-1-e1714739942497-300x6.png\" alt=\"\" width=\"300\" height=\"6\" srcset=\"https:\/\/www.parcfloraldelasource.com\/file\/2024\/05\/Horaire-tarifs-et-titres-site-@-3-1-e1714739942497-300x6.png 300w, https:\/\/www.parcfloraldelasource.com\/file\/2024\/05\/Horaire-tarifs-et-titres-site-@-3-1-e1714739942497-768x15.png 768w, https:\/\/www.parcfloraldelasource.com\/file\/2024\/05\/Horaire-tarifs-et-titres-site-@-3-1-e1714739942497.png 1024w, https:\/\/www.parcfloraldelasource.com\/file\/2024\/05\/Horaire-tarifs-et-titres-site-@-3-1-e1714739942497-825x20.png 825w\" sizes=\"auto, (max-width: 300px) 100vw, 300px\" \/><\/p>\n<p><strong>\u00c0 la cl\u00e9&nbsp;: une r\u00e9compense pour votre flair&nbsp;!<\/strong><\/p>\n<p>En plus du plaisir de contempler des vari\u00e9t\u00e9s de dahlias exceptionnelles, <strong>les visiteurs qui auront devin\u00e9 le classement final <\/strong>de chaque cat\u00e9gorie remporteront les lots suivants\u00a0:<\/p>\n<ul>\n<li><strong>1er\u00a0prix&nbsp;:\u00a0<\/strong>9 dahlias + 2\u00a0\u00a0parties de\u00a0minigolf<\/li>\n<li><strong>2e\u00a0 prix\u00a0:\u00a0<\/strong>6 dahlias + 2 parties de minigolf<\/li>\n<li><strong>3e\u00a0 prix\u00a0<\/strong>:\u00a03 dahlias + 2 parties de minigolf<\/li>\n<li><strong>4e\u00a0 prix&nbsp;:\u00a0<\/strong>2\u00a0parties de minigolf<\/li>\n<li><strong>5e\u00a0 prix&nbsp;:\u00a0<\/strong>1 partie de minigolf<\/li>\n<\/ul>\n<p>Un joli clin d&rsquo;\u0153il \u00e0 votre \u0153il de jardinier (ou de curieux amateur de fleurs)\u202f!<\/p>\n<p>Alors, \u00eates-vous pr\u00eat(e) \u00e0 \u00e9lire les dahlias les plus sensationnels de l\u2019\u00e9t\u00e9 2025&nbsp;?<\/p>\n<p>? <strong>Votez, vibrez, gagnez&nbsp;!<\/strong> ?<img loading=\"lazy\" decoding=\"async\" class=\"size-medium wp-image-4496 aligncenter\" src=\"https:\/\/www.parcfloraldelasource.com\/file\/2024\/05\/Horaire-tarifs-et-titres-site-@-3-1-e1714739942497-300x6.png\" alt=\"\" width=\"300\" height=\"6\" srcset=\"https:\/\/www.parcfloraldelasource.com\/file\/2024\/05\/Horaire-tarifs-et-titres-site-@-3-1-e1714739942497-300x6.png 300w, https:\/\/www.parcfloraldelasource.com\/file\/2024\/05\/Horaire-tarifs-et-titres-site-@-3-1-e1714739942497-768x15.png 768w, https:\/\/www.parcfloraldelasource.com\/file\/2024\/05\/Horaire-tarifs-et-titres-site-@-3-1-e1714739942497.png 1024w, https:\/\/www.parcfloraldelasource.com\/file\/2024\/05\/Horaire-tarifs-et-titres-site-@-3-1-e1714739942497-825x20.png 825w\" sizes=\"auto, (max-width: 300px) 100vw, 300px\" \/><\/p>\n<h2 style=\"text-align: center;\"><a href=\"https:\/\/forms.gle\/DuRXma851GQfKpMg6\" target=\"_blank\" rel=\"noopener\">VOTEZ ICI<\/a><\/h2>\n<hr \/>\n<h3>En savoir plus sur nos partenaires&nbsp;:<\/h3>\n<p><img loading=\"lazy\" decoding=\"async\" class=\"alignleft wp-image-4542\" src=\"https:\/\/www.parcfloraldelasource.com\/file\/2024\/09\/LOGO-ERNEST-TURC-CMJN-300x300.jpg\" alt=\"\" width=\"104\" height=\"104\" srcset=\"https:\/\/www.parcfloraldelasource.com\/file\/2024\/09\/LOGO-ERNEST-TURC-CMJN-300x300.jpg 300w, https:\/\/www.parcfloraldelasource.com\/file\/2024\/09\/LOGO-ERNEST-TURC-CMJN-150x150.jpg 150w, https:\/\/www.parcfloraldelasource.com\/file\/2024\/09\/LOGO-ERNEST-TURC-CMJN.jpg 454w\" sizes=\"auto, (max-width: 104px) 100vw, 104px\" \/><\/p>\n<ul>\n<li><a href=\"https:\/\/www.ernest-turc.com\/\" target=\"_blank\" rel=\"noopener noreferrer\"><strong>Ernest Turc<\/strong><\/a><\/li>\n<\/ul>\n<p>Ernest Turc est partenaire du Parc Floral de La Source depuis de nombreuses ann\u00e9es. Le savoir-faire de la maison Turc se d\u00e9veloppe de g\u00e9n\u00e9ration en g\u00e9n\u00e9ration depuis plus de 110 ans.<\/p>\n<p>En tant que producteur en Anjou et en Bretagne, cette soci\u00e9t\u00e9 familiale cr\u00e9\u00e9e et d\u00e9veloppe des vari\u00e9t\u00e9s afin de faire vivre notre patrimoine v\u00e9g\u00e9tal.<\/p>\n<p>Une \u00e9quipe de passionn\u00e9s au service de ses clients \u0153uvre tant en France qu\u2019\u00e0 l\u2019\u00e9tranger pour vous faire partager sa passion des bulbes et des graines, afin que vous puissiez cr\u00e9er \u00e0 votre tour votre jardin bouquetier et potager.<\/p>\n<p>Ernest Turc s\u2019inscrit dans la d\u00e9marche collective Fleurs de France, qui prend tout son sens avec les dahlias s\u00e9lectionn\u00e9s, produits et conditionn\u00e9s en France. En effet, l&rsquo;\u00e9quipe de Recherche et D\u00e9veloppement m\u00e8ne des travaux de cr\u00e9ation vari\u00e9tale pour proposer de nouvelles vari\u00e9t\u00e9s chaque ann\u00e9e, autant pour fleurir les jardins, espaces verts que pour la fleur coup\u00e9e.<\/p>\n<p>Les nouveaut\u00e9s sont pr\u00e9sent\u00e9es lors de concours ou Crit\u00e9rium comme celui du Parc Floral de La Source, mais aussi \u00e0 Paris, Coutances, ou m\u00eame Mainau en Allemagne.<\/p>\n<p>En 2024, ce sont 29 vari\u00e9t\u00e9s qui ont \u00e9t\u00e9 pr\u00e9sent\u00e9es dont 22 nouveaut\u00e9s, parfois en avant-premi\u00e8re&nbsp;!<\/p>\n<p>Retrouvez les fleurs d&rsquo;Ernest Turc sur sa boutique en ligne: <a href=\"https:\/\/www.ernest-turc.com\/boutique\/\" data-auth=\"NotApplicable\">https:\/\/www.ernest-turc.com\/boutique\/<\/a><\/p>\n<p><img loading=\"lazy\" decoding=\"async\" class=\"size-medium wp-image-4496 aligncenter\" src=\"https:\/\/www.parcfloraldelasource.com\/file\/2024\/05\/Horaire-tarifs-et-titres-site-@-3-1-e1714739942497-300x6.png\" alt=\"\" width=\"300\" height=\"6\" srcset=\"https:\/\/www.parcfloraldelasource.com\/file\/2024\/05\/Horaire-tarifs-et-titres-site-@-3-1-e1714739942497-300x6.png 300w, https:\/\/www.parcfloraldelasource.com\/file\/2024\/05\/Horaire-tarifs-et-titres-site-@-3-1-e1714739942497-768x15.png 768w, https:\/\/www.parcfloraldelasource.com\/file\/2024\/05\/Horaire-tarifs-et-titres-site-@-3-1-e1714739942497.png 1024w, https:\/\/www.parcfloraldelasource.com\/file\/2024\/05\/Horaire-tarifs-et-titres-site-@-3-1-e1714739942497-825x20.png 825w\" sizes=\"auto, (max-width: 300px) 100vw, 300px\" \/><\/p>\n<p><img loading=\"lazy\" decoding=\"async\" class=\"alignleft wp-image-4748\" src=\"https:\/\/www.parcfloraldelasource.com\/file\/2025\/02\/logo-campus-metiers-nature-coutances.webp\" alt=\"\" width=\"145\" height=\"68\" srcset=\"https:\/\/www.parcfloraldelasource.com\/file\/2025\/02\/logo-campus-metiers-nature-coutances.webp 399w, https:\/\/www.parcfloraldelasource.com\/file\/2025\/02\/logo-campus-metiers-nature-coutances-300x141.webp 300w\" sizes=\"auto, (max-width: 145px) 100vw, 145px\" \/><\/p>\n<ul>\n<li><a href=\"https:\/\/www.campusagri.fr\/\" target=\"_blank\" rel=\"noopener\"><strong data-start=\"3\" data-end=\"41\">Campus M\u00e9tiers Nature de Coutances<\/strong><\/a><\/li>\n<\/ul>\n<div class=\"flex-shrink-0 flex flex-col relative items-end\">\n<div class=\"pt-0\">\n<div class=\"gizmo-bot-avatar flex h-8 w-8 items-center justify-center overflow-hidden rounded-full\">\n<div class=\"relative p-1 rounded-sm flex items-center justify-center bg-token-main-surface-primary text-token-text-primary h-8 w-8\">Le <strong data-start=\"3\" data-end=\"41\">Campus M\u00e9tiers Nature de Coutances<\/strong> est un \u00e9tablissement de formation professionnelle agricole en Normandie. Avec un lyc\u00e9e, un CFA et un CFPPA, il accueille plus de 2&nbsp;000 apprenants chaque ann\u00e9e et propose des formations du CAP au BTS dans des domaines comme l\u2019agriculture, l\u2019horticulture et le paysage. Son vaste site de 90 hectares comprend des exploitations agricoles et horticoles, favorisant une approche p\u00e9dagogique immersive. D\u00e9couvrez un cadre d\u2019apprentissage unique et dynamique sur <a href=\"https:\/\/www.campusagri.fr\/bienvenue-au-campus-metiers-nature-coutances\/\" target=\"_new\" rel=\"noopener\" data-start=\"498\" data-end=\"594\">Campus M\u00e9tiers Nature<\/a>.<\/div>\n<\/div>\n<\/div>\n<\/div>\n<div class=\"group\/conversation-turn relative flex w-full min-w-0 flex-col agent-turn\">\n<div class=\"flex-col gap-1 md:gap-3\">\n<div class=\"flex max-w-full flex-col flex-grow\">\n<div class=\"min-h-[20px] text-message flex w-full flex-col items-end gap-2 whitespace-normal break-words [.text-message+&amp;]:mt-5\" dir=\"auto\" data-message-author-role=\"assistant\" data-message-id=\"69eabef5-68d2-4ca3-8788-92e4969dc08d\">\n<div class=\"flex w-full flex-col gap-1 empty:hidden first:pt-[3px]\">\n<div class=\"markdown prose w-full break-words dark:prose-invert light\">\n<p>&nbsp;<\/p>\n<p><img loading=\"lazy\" decoding=\"async\" class=\"size-medium wp-image-4496 aligncenter\" src=\"https:\/\/www.parcfloraldelasource.com\/file\/2024\/05\/Horaire-tarifs-et-titres-site-@-3-1-e1714739942497-300x6.png\" alt=\"\" width=\"300\" height=\"6\" srcset=\"https:\/\/www.parcfloraldelasource.com\/file\/2024\/05\/Horaire-tarifs-et-titres-site-@-3-1-e1714739942497-300x6.png 300w, https:\/\/www.parcfloraldelasource.com\/file\/2024\/05\/Horaire-tarifs-et-titres-site-@-3-1-e1714739942497-768x15.png 768w, https:\/\/www.parcfloraldelasource.com\/file\/2024\/05\/Horaire-tarifs-et-titres-site-@-3-1-e1714739942497.png 1024w, https:\/\/www.parcfloraldelasource.com\/file\/2024\/05\/Horaire-tarifs-et-titres-site-@-3-1-e1714739942497-825x20.png 825w\" sizes=\"auto, (max-width: 300px) 100vw, 300px\" \/><\/p>\n<p><img loading=\"lazy\" decoding=\"async\" class=\"alignleft\" src=\"https:\/\/www.ververexport.nl\/inhoud\/uploads\/2020\/08\/logo-ververexport160.png\" width=\"72\" height=\"103\" \/><\/p>\n<ul>\n<li><strong><a href=\"https:\/\/www.ververexport.fr\/\" target=\"_blank\" rel=\"noopener noreferrer\">Verver Export<\/a><\/strong><\/li>\n<\/ul>\n<p><strong>Verver Export<\/strong> est un sp\u00e9cialiste en bulbes \u00e0 fleurs et plantes vivaces pour espaces verts publics en Europe. Fond\u00e9e en 1957, l&rsquo;entreprise se distingue par son innovation, sa qualit\u00e9, et son engagement environnemental. Verver Export propose des concepts originaux et sur mesure, avec des conseils techniques pour garantir des floraisons durables et esth\u00e9tiques. Forte de plus de 50 ans d&rsquo;exp\u00e9rience, elle travaille avec un r\u00e9seau \u00e9tendu de producteurs et distribue dans 10 pays europ\u00e9ens. D\u00e9couvrez leur passion et leur expertise pour embellir vos espaces verts sur <a href=\"https:\/\/www.ververexport.fr\/notre-entreprise\/\" target=\"_new\" rel=\"noopener noreferrer\">Verver Export<\/a>.<\/p>\n<\/div>\n<\/div>\n<\/div>\n<\/div>\n<\/div>\n<\/div>\n<hr \/>\n<h4 style=\"text-align: center;\"><strong>A d\u00e9couvrir de mi-juillet \u00e0 mi-octobre.<\/strong><\/h4>","protected":false},"excerpt":{"rendered":"<p>Le jardin de dahlias Pr\u00e9sent\u00e9s dans un jardin circulaire, les carr\u00e9s de dahlias alternent avec des bandes de gazon jouant ainsi des contrastes entre le vert uni de la pelouse et les couleurs panach\u00e9es de ces superbes fleurs. Longtemps nomm\u00e9s \u201dchichipatli\u201d les dahlias, originaires des hauts plateaux mexicains, arborent des couleurs chatoyantes que l\u2019on peut &hellip; <\/p>","protected":false},"author":1,"featured_media":0,"parent":24,"menu_order":7,"comment_status":"closed","ping_status":"closed","template":"","meta":{"footnotes":""},"class_list":["post-73","page","type-page","status-publish","hentry"],"yoast_head":"<!-- This site is optimized with the Yoast SEO plugin v27.5 - https:\/\/yoast.com\/product\/yoast-seo-wordpress\/ -->\n<title>Le jardin de dahlias - Parc Floral de La Source<\/title>\n<meta name=\"description\" content=\"Explorez les carr\u00e9s de dahlias contrast\u00e9 entre le vert uni de la pelouse et les couleurs panach\u00e9es de ces superbes fleurs.\" \/>\n<meta name=\"robots\" content=\"index, follow, max-snippet:-1, max-image-preview:large, max-video-preview:-1\" \/>\n<link rel=\"canonical\" href=\"https:\/\/www.parcfloraldelasource.com\/les-jardins\/dahlias\/\" \/>\n<meta property=\"og:locale\" content=\"fr_FR\" \/>\n<meta property=\"og:type\" content=\"article\" \/>\n<meta property=\"og:title\" content=\"Le jardin de dahlias - Parc Floral de La Source\" \/>\n<meta property=\"og:description\" content=\"Explorez les carr\u00e9s de dahlias contrast\u00e9 entre le vert uni de la pelouse et les couleurs panach\u00e9es de ces superbes fleurs.\" \/>\n<meta property=\"og:url\" content=\"https:\/\/www.parcfloraldelasource.com\/les-jardins\/dahlias\/\" \/>\n<meta property=\"og:site_name\" content=\"Parc Floral de La Source\" \/>\n<meta property=\"article:publisher\" content=\"https:\/\/www.facebook.com\/parcfloral.orleansloiret\" \/>\n<meta property=\"article:modified_time\" content=\"2025-06-24T12:41:57+00:00\" \/>\n<meta property=\"og:image\" content=\"https:\/\/www.parcfloraldelasource.com\/file\/2024\/05\/Horaire-tarifs-et-titres-site-@-3-1-e1714739942497.png\" \/>\n\t<meta property=\"og:image:width\" content=\"1024\" \/>\n\t<meta property=\"og:image:height\" content=\"20\" \/>\n\t<meta property=\"og:image:type\" content=\"image\/png\" \/>\n<meta name=\"twitter:card\" content=\"summary_large_image\" \/>\n<meta name=\"twitter:label1\" content=\"Dur\u00e9e de lecture estim\u00e9e\" \/>\n\t<meta name=\"twitter:data1\" content=\"5 minutes\" \/>\n<script type=\"application\/ld+json\" class=\"yoast-schema-graph\">{\"@context\":\"https:\\\/\\\/schema.org\",\"@graph\":[{\"@type\":\"WebPage\",\"@id\":\"https:\\\/\\\/www.parcfloraldelasource.com\\\/les-jardins\\\/dahlias\\\/\",\"url\":\"https:\\\/\\\/www.parcfloraldelasource.com\\\/les-jardins\\\/dahlias\\\/\",\"name\":\"Le jardin de dahlias - Parc Floral de La Source\",\"isPartOf\":{\"@id\":\"https:\\\/\\\/www.parcfloraldelasource.com\\\/#website\"},\"primaryImageOfPage\":{\"@id\":\"https:\\\/\\\/www.parcfloraldelasource.com\\\/les-jardins\\\/dahlias\\\/#primaryimage\"},\"image\":{\"@id\":\"https:\\\/\\\/www.parcfloraldelasource.com\\\/les-jardins\\\/dahlias\\\/#primaryimage\"},\"thumbnailUrl\":\"https:\\\/\\\/www.parcfloraldelasource.com\\\/inc\\\/uploads\\\/2024\\\/05\\\/Horaire-tarifs-et-titres-site-@-3-1-e1714739942497-300x6.png\",\"datePublished\":\"2017-03-30T12:28:30+00:00\",\"dateModified\":\"2025-06-24T12:41:57+00:00\",\"description\":\"Explorez les carr\u00e9s de dahlias contrast\u00e9 entre le vert uni de la pelouse et les couleurs panach\u00e9es de ces superbes fleurs.\",\"breadcrumb\":{\"@id\":\"https:\\\/\\\/www.parcfloraldelasource.com\\\/les-jardins\\\/dahlias\\\/#breadcrumb\"},\"inLanguage\":\"fr-FR\",\"potentialAction\":[{\"@type\":\"ReadAction\",\"target\":[\"https:\\\/\\\/www.parcfloraldelasource.com\\\/les-jardins\\\/dahlias\\\/\"]}]},{\"@type\":\"ImageObject\",\"inLanguage\":\"fr-FR\",\"@id\":\"https:\\\/\\\/www.parcfloraldelasource.com\\\/les-jardins\\\/dahlias\\\/#primaryimage\",\"url\":\"https:\\\/\\\/www.parcfloraldelasource.com\\\/inc\\\/uploads\\\/2024\\\/05\\\/Horaire-tarifs-et-titres-site-@-3-1-e1714739942497.png\",\"contentUrl\":\"https:\\\/\\\/www.parcfloraldelasource.com\\\/inc\\\/uploads\\\/2024\\\/05\\\/Horaire-tarifs-et-titres-site-@-3-1-e1714739942497.png\",\"width\":1024,\"height\":20},{\"@type\":\"BreadcrumbList\",\"@id\":\"https:\\\/\\\/www.parcfloraldelasource.com\\\/les-jardins\\\/dahlias\\\/#breadcrumb\",\"itemListElement\":[{\"@type\":\"ListItem\",\"position\":1,\"name\":\"Accueil\",\"item\":\"https:\\\/\\\/www.parcfloraldelasource.com\\\/\"},{\"@type\":\"ListItem\",\"position\":2,\"name\":\"Les jardins\",\"item\":\"https:\\\/\\\/www.parcfloraldelasource.com\\\/les-jardins\\\/\"},{\"@type\":\"ListItem\",\"position\":3,\"name\":\"Dahlias\"}]},{\"@type\":\"WebSite\",\"@id\":\"https:\\\/\\\/www.parcfloraldelasource.com\\\/#website\",\"url\":\"https:\\\/\\\/www.parcfloraldelasource.com\\\/\",\"name\":\"Parc Floral de La Source\",\"description\":\"Orl\u00e9ans\",\"potentialAction\":[{\"@type\":\"SearchAction\",\"target\":{\"@type\":\"EntryPoint\",\"urlTemplate\":\"https:\\\/\\\/www.parcfloraldelasource.com\\\/?s={search_term_string}\"},\"query-input\":{\"@type\":\"PropertyValueSpecification\",\"valueRequired\":true,\"valueName\":\"search_term_string\"}}],\"inLanguage\":\"fr-FR\"}]}<\/script>\n<!-- \/ Yoast SEO plugin. -->","yoast_head_json":{"title":"Le jardin de dahlias - Parc Floral de La Source","description":"Explorez les carr\u00e9s de dahlias contrast\u00e9 entre le vert uni de la pelouse et les couleurs panach\u00e9es de ces superbes fleurs.","robots":{"index":"index","follow":"follow","max-snippet":"max-snippet:-1","max-image-preview":"max-image-preview:large","max-video-preview":"max-video-preview:-1"},"canonical":"https:\/\/www.parcfloraldelasource.com\/les-jardins\/dahlias\/","og_locale":"fr_FR","og_type":"article","og_title":"Le jardin de dahlias - Parc Floral de La Source","og_description":"Explorez les carr\u00e9s de dahlias contrast\u00e9 entre le vert uni de la pelouse et les couleurs panach\u00e9es de ces superbes fleurs.","og_url":"https:\/\/www.parcfloraldelasource.com\/les-jardins\/dahlias\/","og_site_name":"Parc Floral de La Source","article_publisher":"https:\/\/www.facebook.com\/parcfloral.orleansloiret","article_modified_time":"2025-06-24T12:41:57+00:00","og_image":[{"width":1024,"height":20,"url":"https:\/\/www.parcfloraldelasource.com\/file\/2024\/05\/Horaire-tarifs-et-titres-site-@-3-1-e1714739942497.png","type":"image\/png"}],"twitter_card":"summary_large_image","twitter_misc":{"Dur\u00e9e de lecture estim\u00e9e":"5 minutes"},"schema":{"@context":"https:\/\/schema.org","@graph":[{"@type":"WebPage","@id":"https:\/\/www.parcfloraldelasource.com\/les-jardins\/dahlias\/","url":"https:\/\/www.parcfloraldelasource.com\/les-jardins\/dahlias\/","name":"Le jardin de dahlias - Parc Floral de La Source","isPartOf":{"@id":"https:\/\/www.parcfloraldelasource.com\/#website"},"primaryImageOfPage":{"@id":"https:\/\/www.parcfloraldelasource.com\/les-jardins\/dahlias\/#primaryimage"},"image":{"@id":"https:\/\/www.parcfloraldelasource.com\/les-jardins\/dahlias\/#primaryimage"},"thumbnailUrl":"https:\/\/www.parcfloraldelasource.com\/file\/2024\/05\/Horaire-tarifs-et-titres-site-@-3-1-e1714739942497-300x6.png","datePublished":"2017-03-30T12:28:30+00:00","dateModified":"2025-06-24T12:41:57+00:00","description":"Explorez les carr\u00e9s de dahlias contrast\u00e9 entre le vert uni de la pelouse et les couleurs panach\u00e9es de ces superbes fleurs.","breadcrumb":{"@id":"https:\/\/www.parcfloraldelasource.com\/les-jardins\/dahlias\/#breadcrumb"},"inLanguage":"fr-FR","potentialAction":[{"@type":"ReadAction","target":["https:\/\/www.parcfloraldelasource.com\/les-jardins\/dahlias\/"]}]},{"@type":"ImageObject","inLanguage":"fr-FR","@id":"https:\/\/www.parcfloraldelasource.com\/les-jardins\/dahlias\/#primaryimage","url":"https:\/\/www.parcfloraldelasource.com\/file\/2024\/05\/Horaire-tarifs-et-titres-site-@-3-1-e1714739942497.png","contentUrl":"https:\/\/www.parcfloraldelasource.com\/file\/2024\/05\/Horaire-tarifs-et-titres-site-@-3-1-e1714739942497.png","width":1024,"height":20},{"@type":"BreadcrumbList","@id":"https:\/\/www.parcfloraldelasource.com\/les-jardins\/dahlias\/#breadcrumb","itemListElement":[{"@type":"ListItem","position":1,"name":"Accueil","item":"https:\/\/www.parcfloraldelasource.com\/"},{"@type":"ListItem","position":2,"name":"Les jardins","item":"https:\/\/www.parcfloraldelasource.com\/les-jardins\/"},{"@type":"ListItem","position":3,"name":"Dahlias"}]},{"@type":"WebSite","@id":"https:\/\/www.parcfloraldelasource.com\/#website","url":"https:\/\/www.parcfloraldelasource.com\/","name":"Parc Floral de La Source","description":"Orl\u00e9ans","potentialAction":[{"@type":"SearchAction","target":{"@type":"EntryPoint","urlTemplate":"https:\/\/www.parcfloraldelasource.com\/?s={search_term_string}"},"query-input":{"@type":"PropertyValueSpecification","valueRequired":true,"valueName":"search_term_string"}}],"inLanguage":"fr-FR"}]}},"_links":{"self":[{"href":"https:\/\/www.parcfloraldelasource.com\/rest\/wp\/v2\/pages\/73","targetHints":{"allow":["GET"]}}],"collection":[{"href":"https:\/\/www.parcfloraldelasource.com\/rest\/wp\/v2\/pages"}],"about":[{"href":"https:\/\/www.parcfloraldelasource.com\/rest\/wp\/v2\/types\/page"}],"author":[{"embeddable":true,"href":"https:\/\/www.parcfloraldelasource.com\/rest\/wp\/v2\/users\/1"}],"replies":[{"embeddable":true,"href":"https:\/\/www.parcfloraldelasource.com\/rest\/wp\/v2\/comments?post=73"}],"version-history":[{"count":23,"href":"https:\/\/www.parcfloraldelasource.com\/rest\/wp\/v2\/pages\/73\/revisions"}],"predecessor-version":[{"id":4820,"href":"https:\/\/www.parcfloraldelasource.com\/rest\/wp\/v2\/pages\/73\/revisions\/4820"}],"up":[{"embeddable":true,"href":"https:\/\/www.parcfloraldelasource.com\/rest\/wp\/v2\/pages\/24"}],"wp:attachment":[{"href":"https:\/\/www.parcfloraldelasource.com\/rest\/wp\/v2\/media?parent=73"}],"curies":[{"name":"wp","href":"https:\/\/api.w.org\/{rel}","templated":true}]}}